{"id":1071,"date":"2024-11-27T21:24:15","date_gmt":"2024-11-27T21:24:15","guid":{"rendered":"https:\/\/ihrcg.org\/?page_id=1071"},"modified":"2024-11-27T21:28:49","modified_gmt":"2024-11-27T21:28:49","slug":"ihrcg-en-argentina","status":"publish","type":"page","link":"https:\/\/ihrcg.org\/en\/ihrcg-en-argentina\/","title":{"rendered":"IHRCG Argentina"},"content":{"rendered":"<div data-elementor-type=\"wp-page\" data-elementor-id=\"1071\" class=\"elementor elementor-1071\">\n\t\t\t\t<div class=\"elementor-element elementor-element-1a725fc1 e-flex e-con-boxed e-con e-parent\" data-id=\"1a725fc1\" data-element_type=\"container\" data-settings=\"{&quot;background_background&quot;:&quot;classic&quot;}\">\n\t\t\t\t\t<div class=\"e-con-inner\">\n\t\t<div class=\"elementor-element elementor-element-194783f5 e-con-full e-flex e-con e-child\" data-id=\"194783f5\" data-element_type=\"container\">\n\t\t\t\t<div class=\"elementor-element elementor-element-2e60264 elementor-widget__width-initial elementor-widget elementor-widget-heading\" data-id=\"2e60264\" data-element_type=\"widget\" data-widget_type=\"heading.default\">\n\t\t\t\t<div class=\"elementor-widget-container\">\n\t\t\t\t\t<h3 class=\"elementor-heading-title elementor-size-default\">IHRCG ARGENTINA<\/h3>\t\t\t\t<\/div>\n\t\t\t\t<\/div>\n\t\t\t\t<\/div>\n\t\t\t\t\t<\/div>\n\t\t\t\t<\/div>\n\t\t<div class=\"elementor-element elementor-element-418df22 e-flex e-con-boxed e-con e-parent\" data-id=\"418df22\" data-element_type=\"container\">\n\t\t\t\t\t<div class=\"e-con-inner\">\n\t\t<div class=\"elementor-element elementor-element-5d72308 e-con-full e-flex e-con e-child\" data-id=\"5d72308\" data-element_type=\"container\" data-settings=\"{&quot;background_background&quot;:&quot;classic&quot;}\">\n\t\t\t\t<div class=\"elementor-element elementor-element-ea6063e elementor-widget__width-initial elementor-widget elementor-widget-heading\" data-id=\"ea6063e\" data-element_type=\"widget\" data-widget_type=\"heading.default\">\n\t\t\t\t<div class=\"elementor-widget-container\">\n\t\t\t\t\t<h3 class=\"elementor-heading-title elementor-size-default\">Introduction<\/h3>\t\t\t\t<\/div>\n\t\t\t\t<\/div>\n\t\t\t\t<\/div>\n\t\t\t\t\t<\/div>\n\t\t\t\t<\/div>\n\t\t<div class=\"elementor-element elementor-element-e081644 e-flex e-con-boxed e-con e-parent\" data-id=\"e081644\" data-element_type=\"container\" data-settings=\"{&quot;background_background&quot;:&quot;classic&quot;}\">\n\t\t\t\t\t<div class=\"e-con-inner\">\n\t\t<div class=\"elementor-element elementor-element-6b110ff e-con-full e-flex e-con e-child\" data-id=\"6b110ff\" data-element_type=\"container\">\n\t\t\t\t<div class=\"elementor-element elementor-element-01b84b6 elementor-widget elementor-widget-text-editor\" data-id=\"01b84b6\" data-element_type=\"widget\" data-widget_type=\"text-editor.default\">\n\t\t\t\t<div class=\"elementor-widget-container\">\n\t\t\t\t\t\t\t\t\t<p>En Argentina ya se est\u00e1n desarrollando trabajos de musicoterapia en hospitales, instituciones psiqui\u00e1tricas, c\u00e1rceles, centros de d\u00eda, instituciones geri\u00e1tricas, tanto p\u00fablicos como privados. Los \u00e1mbitos de aplicaci\u00f3n se van haciendo m\u00e1s extensos al comprobar su eficacia y solidez.<\/p><p>Se piensa la musicoterapia como un punto interdisciplinario entre la salud y el arte para trabajar objetivos terap\u00e9uticos, no se trata de conseguir un producto final como aprender a tocar un instrumento o aprender a cantar. Lo importante es el desarrollo global de cada ni\u00f1o\/a, o adulto que transite por un espacio de musicoterapia. A trav\u00e9s de \u00e9ste se les ofrece herramientas, v\u00edas y recursos de comunicaci\u00f3n y expresi\u00f3n, haciendo que no solo su calidad de vida mejore, sino tambi\u00e9n para los que est\u00e1n a su alrededor.<\/p><p>La inclusi\u00f3n social no toma lugar solamente en la escuela sino en todos los \u00e1mbitos de la vida, pero dada la organizaci\u00f3n socio-econ\u00f3mica actual para la poblaci\u00f3n infantil la escuela es el lugar social por excelencia.<\/p><p>El principal objetivo de este dispositivo se relaciona a aportar estrategias de intervenci\u00f3n desde la mirada cl\u00ednica de la musicoterapia al d\u00eda cotidiano en la escuela.<\/p><p>Ante todo, se vuelve necesario el poder enmarcar el desarrollo de este dispositivo, a partir de considerar que la intervenci\u00f3n va a estar dada en lo que respecta a la gesti\u00f3n y recepci\u00f3n de la creaci\u00f3n art\u00edstica y la inclusi\u00f3n cultural por parte de los participantes.<\/p><p>A trav\u00e9s de un espacio art\u00edstico, esto es, un espacio en el que la construcci\u00f3n de est\u00e9ticas posibles emerjan a trav\u00e9s de la composici\u00f3n de los participantes, se procurar\u00e1 generar recursos creativos para habitar el espacio \u00e1ulico de una forma relacional activa y responsable, en el que sea posible potenciar las habilidades sociales de los participantes.<\/p><p>Para ello se dar\u00e1 lugar a instancias que fomenten la autogesti\u00f3n, la responsabilidad y el compromiso personal. Se promover\u00e1n instancias de acompa\u00f1amiento en los procesos de producci\u00f3n y vivencia sensible que propone la din\u00e1mica del arte.<\/p>\t\t\t\t\t\t\t\t<\/div>\n\t\t\t\t<\/div>\n\t\t\t\t<\/div>\n\t\t<div class=\"elementor-element elementor-element-2f7b212 e-con-full e-flex e-con e-child\" data-id=\"2f7b212\" data-element_type=\"container\">\n\t\t\t\t<div class=\"elementor-element elementor-element-f7e4831 elementor-widget elementor-widget-image\" data-id=\"f7e4831\" data-element_type=\"widget\" data-widget_type=\"image.default\">\n\t\t\t\t<div class=\"elementor-widget-container\">\n\t\t\t\t\t\t\t\t\t\t\t\t\t\t\t<img fetchpriority=\"high\" decoding=\"async\" width=\"800\" height=\"450\" src=\"https:\/\/ihrcg.org\/wp-content\/uploads\/2024\/11\/WhatsApp-Image-2024-11-27-at-09.49.18-1-1024x576.jpeg\" class=\"attachment-large size-large wp-image-1072\" alt=\"\" srcset=\"https:\/\/ihrcg.org\/wp-content\/uploads\/2024\/11\/WhatsApp-Image-2024-11-27-at-09.49.18-1-1024x576.jpeg 1024w, https:\/\/ihrcg.org\/wp-content\/uploads\/2024\/11\/WhatsApp-Image-2024-11-27-at-09.49.18-1-300x169.jpeg 300w, https:\/\/ihrcg.org\/wp-content\/uploads\/2024\/11\/WhatsApp-Image-2024-11-27-at-09.49.18-1-768x432.jpeg 768w, https:\/\/ihrcg.org\/wp-content\/uploads\/2024\/11\/WhatsApp-Image-2024-11-27-at-09.49.18-1-18x10.jpeg 18w, https:\/\/ihrcg.org\/wp-content\/uploads\/2024\/11\/WhatsApp-Image-2024-11-27-at-09.49.18-1.jpeg 1080w\" sizes=\"(max-width: 800px) 100vw, 800px\" \/>\t\t\t\t\t\t\t\t\t\t\t\t\t\t\t<\/div>\n\t\t\t\t<\/div>\n\t\t\t\t<\/div>\n\t\t\t\t\t<\/div>\n\t\t\t\t<\/div>\n\t\t<div class=\"elementor-element elementor-element-edd271c e-flex e-con-boxed e-con e-parent\" data-id=\"edd271c\" data-element_type=\"container\">\n\t\t\t\t\t<div class=\"e-con-inner\">\n\t\t\t\t<div class=\"elementor-element elementor-element-a950136 elementor-widget elementor-widget-image\" data-id=\"a950136\" data-element_type=\"widget\" data-widget_type=\"image.default\">\n\t\t\t\t<div class=\"elementor-widget-container\">\n\t\t\t\t\t\t\t\t\t\t\t\t\t\t\t<img decoding=\"async\" width=\"771\" height=\"1024\" src=\"https:\/\/ihrcg.org\/wp-content\/uploads\/2024\/11\/WhatsApp-Image-2024-11-27-at-09.49.18-771x1024.jpeg\" class=\"attachment-large size-large wp-image-1073\" alt=\"\" srcset=\"https:\/\/ihrcg.org\/wp-content\/uploads\/2024\/11\/WhatsApp-Image-2024-11-27-at-09.49.18-771x1024.jpeg 771w, https:\/\/ihrcg.org\/wp-content\/uploads\/2024\/11\/WhatsApp-Image-2024-11-27-at-09.49.18-226x300.jpeg 226w, https:\/\/ihrcg.org\/wp-content\/uploads\/2024\/11\/WhatsApp-Image-2024-11-27-at-09.49.18-768x1020.jpeg 768w, https:\/\/ihrcg.org\/wp-content\/uploads\/2024\/11\/WhatsApp-Image-2024-11-27-at-09.49.18-9x12.jpeg 9w, https:\/\/ihrcg.org\/wp-content\/uploads\/2024\/11\/WhatsApp-Image-2024-11-27-at-09.49.18.jpeg 1080w\" sizes=\"(max-width: 771px) 100vw, 771px\" \/>\t\t\t\t\t\t\t\t\t\t\t\t\t\t\t<\/div>\n\t\t\t\t<\/div>\n\t\t\t\t<div class=\"elementor-element elementor-element-479667d elementor-widget elementor-widget-image\" data-id=\"479667d\" data-element_type=\"widget\" data-widget_type=\"image.default\">\n\t\t\t\t<div class=\"elementor-widget-container\">\n\t\t\t\t\t\t\t\t\t\t\t\t\t\t\t<img decoding=\"async\" width=\"768\" height=\"1024\" src=\"https:\/\/ihrcg.org\/wp-content\/uploads\/2024\/11\/WhatsApp-Image-2024-11-27-at-09.49.18-2-768x1024.jpeg\" class=\"attachment-medium_large size-medium_large wp-image-1074\" alt=\"\" srcset=\"https:\/\/ihrcg.org\/wp-content\/uploads\/2024\/11\/WhatsApp-Image-2024-11-27-at-09.49.18-2-768x1024.jpeg 768w, https:\/\/ihrcg.org\/wp-content\/uploads\/2024\/11\/WhatsApp-Image-2024-11-27-at-09.49.18-2-225x300.jpeg 225w, https:\/\/ihrcg.org\/wp-content\/uploads\/2024\/11\/WhatsApp-Image-2024-11-27-at-09.49.18-2-1152x1536.jpeg 1152w, https:\/\/ihrcg.org\/wp-content\/uploads\/2024\/11\/WhatsApp-Image-2024-11-27-at-09.49.18-2-9x12.jpeg 9w, https:\/\/ihrcg.org\/wp-content\/uploads\/2024\/11\/WhatsApp-Image-2024-11-27-at-09.49.18-2.jpeg 1200w\" sizes=\"(max-width: 768px) 100vw, 768px\" \/>\t\t\t\t\t\t\t\t\t\t\t\t\t\t\t<\/div>\n\t\t\t\t<\/div>\n\t\t\t\t\t<\/div>\n\t\t\t\t<\/div>\n\t\t\t\t<\/div>","protected":false},"excerpt":{"rendered":"<p>IHRCG ARGENTINA Introducci\u00f3n En Argentina ya se est\u00e1n desarrollando trabajos de musicoterapia en hospitales, instituciones psiqui\u00e1tricas, c\u00e1rceles, centros de d\u00eda, instituciones geri\u00e1tricas, tanto p\u00fablicos como privados. Los \u00e1mbitos de aplicaci\u00f3n se van haciendo m\u00e1s extensos al comprobar su eficacia y solidez. Se piensa la musicoterapia como un punto interdisciplinario entre la salud y el arte [&hellip;]<\/p>","protected":false},"author":1,"featured_media":0,"parent":0,"menu_order":0,"comment_status":"closed","ping_status":"closed","template":"","meta":{"footnotes":""},"class_list":["post-1071","page","type-page","status-publish","hentry"],"yoast_head":"<!-- This site is optimized with the Yoast SEO plugin v24.4 - https:\/\/yoast.com\/wordpress\/plugins\/seo\/ -->\n<title>IHRCG Argentina - IHRCG \u00ae Official Site<\/title>\n<meta name=\"robots\" content=\"index, follow, max-snippet:-1, max-image-preview:large, max-video-preview:-1\" \/>\n<link rel=\"canonical\" href=\"https:\/\/ihrcg.org\/en\/ihrcg-en-argentina\/\" \/>\n<meta property=\"og:locale\" content=\"en_US\" \/>\n<meta property=\"og:type\" content=\"article\" \/>\n<meta property=\"og:title\" content=\"IHRCG Argentina - IHRCG \u00ae Official Site\" \/>\n<meta property=\"og:description\" content=\"IHRCG ARGENTINA Introducci\u00f3n En Argentina ya se est\u00e1n desarrollando trabajos de musicoterapia en hospitales, instituciones psiqui\u00e1tricas, c\u00e1rceles, centros de d\u00eda, instituciones geri\u00e1tricas, tanto p\u00fablicos como privados. Los \u00e1mbitos de aplicaci\u00f3n se van haciendo m\u00e1s extensos al comprobar su eficacia y solidez. Se piensa la musicoterapia como un punto interdisciplinario entre la salud y el arte [&hellip;]\" \/>\n<meta property=\"og:url\" content=\"https:\/\/ihrcg.org\/en\/ihrcg-en-argentina\/\" \/>\n<meta property=\"og:site_name\" content=\"IHRCG \u00ae Official Site\" \/>\n<meta property=\"article:publisher\" content=\"https:\/\/www.facebook.com\/profile.php?id=61561011090702\" \/>\n<meta property=\"article:modified_time\" content=\"2024-11-27T21:28:49+00:00\" \/>\n<meta property=\"og:image\" content=\"https:\/\/ihrcg.org\/wp-content\/uploads\/2024\/11\/WhatsApp-Image-2024-11-27-at-09.49.18-1.jpeg\" \/>\n\t<meta property=\"og:image:width\" content=\"1080\" \/>\n\t<meta property=\"og:image:height\" content=\"608\" \/>\n\t<meta property=\"og:image:type\" content=\"image\/jpeg\" \/>\n<meta name=\"twitter:card\" content=\"summary_large_image\" \/>\n<meta name=\"twitter:label1\" content=\"Est. reading time\" \/>\n\t<meta name=\"twitter:data1\" content=\"3 minutes\" \/>\n<script type=\"application\/ld+json\" class=\"yoast-schema-graph\">{\"@context\":\"https:\/\/schema.org\",\"@graph\":[{\"@type\":\"WebPage\",\"@id\":\"https:\/\/ihrcg.org\/ihrcg-en-argentina\/\",\"url\":\"https:\/\/ihrcg.org\/ihrcg-en-argentina\/\",\"name\":\"IHRCG Argentina - IHRCG \u00ae Official Site\",\"isPartOf\":{\"@id\":\"https:\/\/ihrcg.org\/#website\"},\"primaryImageOfPage\":{\"@id\":\"https:\/\/ihrcg.org\/ihrcg-en-argentina\/#primaryimage\"},\"image\":{\"@id\":\"https:\/\/ihrcg.org\/ihrcg-en-argentina\/#primaryimage\"},\"thumbnailUrl\":\"https:\/\/ihrcg.org\/wp-content\/uploads\/2024\/11\/WhatsApp-Image-2024-11-27-at-09.49.18-1-1024x576.jpeg\",\"datePublished\":\"2024-11-27T21:24:15+00:00\",\"dateModified\":\"2024-11-27T21:28:49+00:00\",\"breadcrumb\":{\"@id\":\"https:\/\/ihrcg.org\/ihrcg-en-argentina\/#breadcrumb\"},\"inLanguage\":\"en-US\",\"potentialAction\":[{\"@type\":\"ReadAction\",\"target\":[\"https:\/\/ihrcg.org\/ihrcg-en-argentina\/\"]}]},{\"@type\":\"ImageObject\",\"inLanguage\":\"en-US\",\"@id\":\"https:\/\/ihrcg.org\/ihrcg-en-argentina\/#primaryimage\",\"url\":\"https:\/\/ihrcg.org\/wp-content\/uploads\/2024\/11\/WhatsApp-Image-2024-11-27-at-09.49.18-1-1024x576.jpeg\",\"contentUrl\":\"https:\/\/ihrcg.org\/wp-content\/uploads\/2024\/11\/WhatsApp-Image-2024-11-27-at-09.49.18-1-1024x576.jpeg\"},{\"@type\":\"BreadcrumbList\",\"@id\":\"https:\/\/ihrcg.org\/ihrcg-en-argentina\/#breadcrumb\",\"itemListElement\":[{\"@type\":\"ListItem\",\"position\":1,\"name\":\"Portada\",\"item\":\"https:\/\/ihrcg.org\/\"},{\"@type\":\"ListItem\",\"position\":2,\"name\":\"IHRCG Argentina\"}]},{\"@type\":\"WebSite\",\"@id\":\"https:\/\/ihrcg.org\/#website\",\"url\":\"https:\/\/ihrcg.org\/\",\"name\":\"IHRCG Comisi\u00f3n Internacional de los Derechos Humanos Global\",\"description\":\"IHRCG \u00ae Official Site\",\"publisher\":{\"@id\":\"https:\/\/ihrcg.org\/#organization\"},\"potentialAction\":[{\"@type\":\"SearchAction\",\"target\":{\"@type\":\"EntryPoint\",\"urlTemplate\":\"https:\/\/ihrcg.org\/?s={search_term_string}\"},\"query-input\":{\"@type\":\"PropertyValueSpecification\",\"valueRequired\":true,\"valueName\":\"search_term_string\"}}],\"inLanguage\":\"en-US\"},{\"@type\":\"Organization\",\"@id\":\"https:\/\/ihrcg.org\/#organization\",\"name\":\"Comisi\u00f3n Internacional de los Derechos Humanos Global\",\"url\":\"https:\/\/ihrcg.org\/\",\"logo\":{\"@type\":\"ImageObject\",\"inLanguage\":\"en-US\",\"@id\":\"https:\/\/ihrcg.org\/#\/schema\/logo\/image\/\",\"url\":\"https:\/\/ihrcg.org\/wp-content\/uploads\/2024\/07\/ihrcg-dest.jpg\",\"contentUrl\":\"https:\/\/ihrcg.org\/wp-content\/uploads\/2024\/07\/ihrcg-dest.jpg\",\"width\":1000,\"height\":666,\"caption\":\"Comisi\u00f3n Internacional de los Derechos Humanos Global\"},\"image\":{\"@id\":\"https:\/\/ihrcg.org\/#\/schema\/logo\/image\/\"},\"sameAs\":[\"https:\/\/www.facebook.com\/profile.php?id=61561011090702\"]}]}<\/script>\n<!-- \/ Yoast SEO plugin. -->","yoast_head_json":{"title":"IHRCG Argentina - IHRCG \u00ae Official Site","robots":{"index":"index","follow":"follow","max-snippet":"max-snippet:-1","max-image-preview":"max-image-preview:large","max-video-preview":"max-video-preview:-1"},"canonical":"https:\/\/ihrcg.org\/en\/ihrcg-en-argentina\/","og_locale":"en_US","og_type":"article","og_title":"IHRCG Argentina - IHRCG \u00ae Official Site","og_description":"IHRCG ARGENTINA Introducci\u00f3n En Argentina ya se est\u00e1n desarrollando trabajos de musicoterapia en hospitales, instituciones psiqui\u00e1tricas, c\u00e1rceles, centros de d\u00eda, instituciones geri\u00e1tricas, tanto p\u00fablicos como privados. Los \u00e1mbitos de aplicaci\u00f3n se van haciendo m\u00e1s extensos al comprobar su eficacia y solidez. Se piensa la musicoterapia como un punto interdisciplinario entre la salud y el arte [&hellip;]","og_url":"https:\/\/ihrcg.org\/en\/ihrcg-en-argentina\/","og_site_name":"IHRCG \u00ae Official Site","article_publisher":"https:\/\/www.facebook.com\/profile.php?id=61561011090702","article_modified_time":"2024-11-27T21:28:49+00:00","og_image":[{"width":1080,"height":608,"url":"https:\/\/ihrcg.org\/wp-content\/uploads\/2024\/11\/WhatsApp-Image-2024-11-27-at-09.49.18-1.jpeg","type":"image\/jpeg"}],"twitter_card":"summary_large_image","twitter_misc":{"Est. reading time":"3 minutes"},"schema":{"@context":"https:\/\/schema.org","@graph":[{"@type":"WebPage","@id":"https:\/\/ihrcg.org\/ihrcg-en-argentina\/","url":"https:\/\/ihrcg.org\/ihrcg-en-argentina\/","name":"IHRCG Argentina - IHRCG \u00ae Official Site","isPartOf":{"@id":"https:\/\/ihrcg.org\/#website"},"primaryImageOfPage":{"@id":"https:\/\/ihrcg.org\/ihrcg-en-argentina\/#primaryimage"},"image":{"@id":"https:\/\/ihrcg.org\/ihrcg-en-argentina\/#primaryimage"},"thumbnailUrl":"https:\/\/ihrcg.org\/wp-content\/uploads\/2024\/11\/WhatsApp-Image-2024-11-27-at-09.49.18-1-1024x576.jpeg","datePublished":"2024-11-27T21:24:15+00:00","dateModified":"2024-11-27T21:28:49+00:00","breadcrumb":{"@id":"https:\/\/ihrcg.org\/ihrcg-en-argentina\/#breadcrumb"},"inLanguage":"en-US","potentialAction":[{"@type":"ReadAction","target":["https:\/\/ihrcg.org\/ihrcg-en-argentina\/"]}]},{"@type":"ImageObject","inLanguage":"en-US","@id":"https:\/\/ihrcg.org\/ihrcg-en-argentina\/#primaryimage","url":"https:\/\/ihrcg.org\/wp-content\/uploads\/2024\/11\/WhatsApp-Image-2024-11-27-at-09.49.18-1-1024x576.jpeg","contentUrl":"https:\/\/ihrcg.org\/wp-content\/uploads\/2024\/11\/WhatsApp-Image-2024-11-27-at-09.49.18-1-1024x576.jpeg"},{"@type":"BreadcrumbList","@id":"https:\/\/ihrcg.org\/ihrcg-en-argentina\/#breadcrumb","itemListElement":[{"@type":"ListItem","position":1,"name":"Portada","item":"https:\/\/ihrcg.org\/"},{"@type":"ListItem","position":2,"name":"IHRCG Argentina"}]},{"@type":"WebSite","@id":"https:\/\/ihrcg.org\/#website","url":"https:\/\/ihrcg.org\/","name":"IHRCG Comisi\u00f3n Internacional de los Derechos Humanos Global","description":"IHRCG \u00ae Official Site","publisher":{"@id":"https:\/\/ihrcg.org\/#organization"},"potentialAction":[{"@type":"SearchAction","target":{"@type":"EntryPoint","urlTemplate":"https:\/\/ihrcg.org\/?s={search_term_string}"},"query-input":{"@type":"PropertyValueSpecification","valueRequired":true,"valueName":"search_term_string"}}],"inLanguage":"en-US"},{"@type":"Organization","@id":"https:\/\/ihrcg.org\/#organization","name":"Comisi\u00f3n Internacional de los Derechos Humanos Global","url":"https:\/\/ihrcg.org\/","logo":{"@type":"ImageObject","inLanguage":"en-US","@id":"https:\/\/ihrcg.org\/#\/schema\/logo\/image\/","url":"https:\/\/ihrcg.org\/wp-content\/uploads\/2024\/07\/ihrcg-dest.jpg","contentUrl":"https:\/\/ihrcg.org\/wp-content\/uploads\/2024\/07\/ihrcg-dest.jpg","width":1000,"height":666,"caption":"Comisi\u00f3n Internacional de los Derechos Humanos Global"},"image":{"@id":"https:\/\/ihrcg.org\/#\/schema\/logo\/image\/"},"sameAs":["https:\/\/www.facebook.com\/profile.php?id=61561011090702"]}]}},"_links":{"self":[{"href":"https:\/\/ihrcg.org\/en\/wp-json\/wp\/v2\/pages\/1071","targetHints":{"allow":["GET"]}}],"collection":[{"href":"https:\/\/ihrcg.org\/en\/wp-json\/wp\/v2\/pages"}],"about":[{"href":"https:\/\/ihrcg.org\/en\/wp-json\/wp\/v2\/types\/page"}],"author":[{"embeddable":true,"href":"https:\/\/ihrcg.org\/en\/wp-json\/wp\/v2\/users\/1"}],"replies":[{"embeddable":true,"href":"https:\/\/ihrcg.org\/en\/wp-json\/wp\/v2\/comments?post=1071"}],"version-history":[{"count":4,"href":"https:\/\/ihrcg.org\/en\/wp-json\/wp\/v2\/pages\/1071\/revisions"}],"predecessor-version":[{"id":1078,"href":"https:\/\/ihrcg.org\/en\/wp-json\/wp\/v2\/pages\/1071\/revisions\/1078"}],"wp:attachment":[{"href":"https:\/\/ihrcg.org\/en\/wp-json\/wp\/v2\/media?parent=1071"}],"curies":[{"name":"wp","href":"https:\/\/api.w.org\/{rel}","templated":true}]}}