{"id":1673,"date":"2025-09-25T19:02:14","date_gmt":"2025-09-25T19:02:14","guid":{"rendered":"https:\/\/ihrcg.org\/?page_id=1673"},"modified":"2025-09-25T19:08:19","modified_gmt":"2025-09-25T19:08:19","slug":"reunion-cumbre-2025","status":"publish","type":"page","link":"https:\/\/ihrcg.org\/en\/reunion-cumbre-2025\/","title":{"rendered":"Reuni\u00f3n Cumbre por la no discriminaci\u00f3n de personas con discapacidad bajo el lema &#8220;EL VALOR DE LAS DIFERENCIAS&#8221;"},"content":{"rendered":"<div data-elementor-type=\"wp-page\" data-elementor-id=\"1673\" class=\"elementor elementor-1673\">\n\t\t\t\t<div class=\"elementor-element elementor-element-1a725fc1 e-flex e-con-boxed e-con e-parent\" data-id=\"1a725fc1\" data-element_type=\"container\" data-settings=\"{&quot;background_background&quot;:&quot;classic&quot;}\">\n\t\t\t\t\t<div class=\"e-con-inner\">\n\t\t<div class=\"elementor-element elementor-element-194783f5 e-con-full e-flex e-con e-child\" data-id=\"194783f5\" data-element_type=\"container\">\n\t\t\t\t<div class=\"elementor-element elementor-element-2e60264 elementor-widget__width-initial elementor-widget elementor-widget-heading\" data-id=\"2e60264\" data-element_type=\"widget\" data-widget_type=\"heading.default\">\n\t\t\t\t<div class=\"elementor-widget-container\">\n\t\t\t\t\t<h3 class=\"elementor-heading-title elementor-size-default\">Dr. JOS\u00c9 \u00c1NGEL RAM\u00cdREZ<\/h3>\t\t\t\t<\/div>\n\t\t\t\t<\/div>\n\t\t\t\t<\/div>\n\t\t\t\t\t<\/div>\n\t\t\t\t<\/div>\n\t\t<div class=\"elementor-element elementor-element-418df22 e-flex e-con-boxed e-con e-parent\" data-id=\"418df22\" data-element_type=\"container\">\n\t\t\t\t\t<div class=\"e-con-inner\">\n\t\t<div class=\"elementor-element elementor-element-5d72308 e-con-full e-flex e-con e-child\" data-id=\"5d72308\" data-element_type=\"container\" data-settings=\"{&quot;background_background&quot;:&quot;classic&quot;}\">\n\t\t\t\t<div class=\"elementor-element elementor-element-ea6063e elementor-widget__width-initial elementor-widget elementor-widget-heading\" data-id=\"ea6063e\" data-element_type=\"widget\" data-widget_type=\"heading.default\">\n\t\t\t\t<div class=\"elementor-widget-container\">\n\t\t\t\t\t<h3 class=\"elementor-heading-title elementor-size-default\">Reuni\u00f3n Cumbre por la no discriminaci\u00f3n de personas con discapacidad bajo el lema \"EL VALOR DE LAS DIFERENCIAS\"<\/h3>\t\t\t\t<\/div>\n\t\t\t\t<\/div>\n\t\t\t\t<\/div>\n\t\t\t\t\t<\/div>\n\t\t\t\t<\/div>\n\t\t<div class=\"elementor-element elementor-element-e081644 e-flex e-con-boxed e-con e-parent\" data-id=\"e081644\" data-element_type=\"container\" data-settings=\"{&quot;background_background&quot;:&quot;classic&quot;}\">\n\t\t\t\t\t<div class=\"e-con-inner\">\n\t\t<div class=\"elementor-element elementor-element-6b110ff e-con-full e-flex e-con e-child\" data-id=\"6b110ff\" data-element_type=\"container\">\n\t\t\t\t<div class=\"elementor-element elementor-element-01b84b6 elementor-widget elementor-widget-text-editor\" data-id=\"01b84b6\" data-element_type=\"widget\" data-widget_type=\"text-editor.default\">\n\t\t\t\t<div class=\"elementor-widget-container\">\n\t\t\t\t\t\t\t\t\t<h4>Es un acto que se crea para respetar al otro tal cual es y otorgar la igualdad de derecho. <br \/>En el mismo se demuestran y destacan capacidades mediante el canto, baile y actuaci\u00f3n. <br \/>Fue bueno recordar y reconocer que todos tenemos capacidades valiosas y que el respeto y la aceptaci\u00f3n a la diversidad son el camino hacia una sociedad m\u00e1s justa y equitativa.<\/h4><p>En el evento participaron:<\/p><p>La cantante Laura Ross.<\/p><p>El conjunto Miradas, trabajando la lengua de se\u00f1as<\/p><p>Paula Pons con su baile \u00e1rabe<\/p><p>Pancho Chevez cantante<\/p><p>Tercer Filtro , centro de d\u00eda, demostraci\u00f3n de arte<\/p><p>La banda bochinchera, expresi\u00f3n corporal<\/p><p>Mar\u00eda Argentina moyano ,dramatizaci\u00f3n de un relato<\/p><p>APPLIR conjunto musical<\/p><p>Tambi\u00e9n contamos con la presencia como p\u00fablico de diversas ONG, FUNDACIONES, INSTITUCIONES y p\u00fablico en general.<\/p><p>Marisa Luc\u00eda Plano<\/p><p>-Licenciada en ciencias de la Educaci\u00f3n.<br \/>-Directora de la Revista Am\u00e9rica sin Fronteras y de IHRC, en Rosario, Argentina<\/p><div id=\"tw-container\" class=\"nev7se\" data-cp=\"1\" data-nnttsvi=\"1\" data-sletp=\"false\" data-sm=\"1\" data-ssbp=\"false\" data-sugg-time=\"500\" data-sugg-url=\"https:\/\/clients1.google.com\/complete\/search\" data-uilc=\"es-419\" data-vil=\",af,af-ZA,am,am-ET,ar-EG,ar-AE,ar-KW,ar-QA,ar,ar-IL,ar-JO,ar-LB,ar-PS,az,az-AZ,bg,bg-BG,bn,bn-BD,bn-IN,ca,ca-es,cs,cs-CZ,de,de-DE,de-CH,de-AT,de-LI,en,en-US,en-CA,en-AU,en-NZ,en-GB,en-IN,en-KE,en-TZ,en-NG,en-GH,en-PH,en-ZA,es,es-ES,es-AR,es-UY,es-419,es-BO,es-CL,es-CR,es-CO,es-DO,es-EC,es-GT,es-HN,es-NI,es-PA,es-PE,es-PR,es-PY,es-SV,es-VE,es-MX,es-US,eu,eu-ES,fi,fi-FI,fr,fr-FR,fr-CH,fr-BE,gl,gl-ES,gu,gu-IN,he,he-IL,iw,iw-IL,hu,hu-HU,hy,hy-AM,id,id-ID,is,is-IS,it,it-IT,it-CH,ja,ja-JP,jv,jv-ID,ka,ka-GE,km,km-KH,kn,kn-IN,ko,ko-KR,la,lo,lo-LA,lv,lv-LV,ml,ml-IN,mr,mr-IN,ms,ms-MY,nl,nl-NL,nb,nb-NO,ne,ne-NP,pl,pl-PL,pt,pt-BR,pt-PT,ro,ro-RO,ru,ru-RU,si-LK,sk,sk-SK,sr,sr-RS,su,su-ID,sv,sv-SE,sw,sw-TZ,sw-KE,ta,ta-IN,ta-SG,ta-LK,ta-MY,te,te-IN,tr,tr-TR,ur,ur-PK,ur-IN,yue,yue-HK,yue-Hant-HK,zh-HK,zh,zh-CN,zh-cmn,zh-cmn-CN,zh-Hans,zh-Hans-CN,zh-cmn-Hans,zh-cmn-Hans-CN,cmn-CN,cmn-Hans,cmn-Hans-CN,zh-TW,zh-Hant-TW,cmn-TW,cmn-Hant-TW,zh-cmn-TW,zh-cmn-Hant-TW,zu,zu-ZA,hi,hi-IN,tl,tl-PH,pa,pa-IN\"><div><div>\u00a0<\/div><\/div><\/div><div class=\"KFFQ0c xKf9F\">\u00a0<\/div>\t\t\t\t\t\t\t\t<\/div>\n\t\t\t\t<\/div>\n\t\t\t\t<\/div>\n\t\t<div class=\"elementor-element elementor-element-2f7b212 e-con-full e-flex e-con e-child\" data-id=\"2f7b212\" data-element_type=\"container\">\n\t\t\t\t<div class=\"elementor-element elementor-element-17a463d elementor-widget elementor-widget-image\" data-id=\"17a463d\" data-element_type=\"widget\" data-widget_type=\"image.default\">\n\t\t\t\t<div class=\"elementor-widget-container\">\n\t\t\t\t\t\t\t\t\t\t\t\t\t\t\t<img fetchpriority=\"high\" decoding=\"async\" width=\"795\" height=\"1024\" src=\"https:\/\/ihrcg.org\/wp-content\/uploads\/2025\/09\/WhatsApp-Image-2025-09-24-at-19.13.49-3-795x1024.jpeg\" class=\"attachment-large size-large wp-image-1674\" alt=\"\" srcset=\"https:\/\/ihrcg.org\/wp-content\/uploads\/2025\/09\/WhatsApp-Image-2025-09-24-at-19.13.49-3-795x1024.jpeg 795w, https:\/\/ihrcg.org\/wp-content\/uploads\/2025\/09\/WhatsApp-Image-2025-09-24-at-19.13.49-3-233x300.jpeg 233w, https:\/\/ihrcg.org\/wp-content\/uploads\/2025\/09\/WhatsApp-Image-2025-09-24-at-19.13.49-3-768x989.jpeg 768w, https:\/\/ihrcg.org\/wp-content\/uploads\/2025\/09\/WhatsApp-Image-2025-09-24-at-19.13.49-3-9x12.jpeg 9w, https:\/\/ihrcg.org\/wp-content\/uploads\/2025\/09\/WhatsApp-Image-2025-09-24-at-19.13.49-3.jpeg 994w\" sizes=\"(max-width: 795px) 100vw, 795px\" \/>\t\t\t\t\t\t\t\t\t\t\t\t\t\t\t<\/div>\n\t\t\t\t<\/div>\n\t\t\t\t<\/div>\n\t\t\t\t\t<\/div>\n\t\t\t\t<\/div>\n\t\t<div class=\"elementor-element elementor-element-7d3a203 e-grid e-con-boxed e-con e-parent\" data-id=\"7d3a203\" data-element_type=\"container\">\n\t\t\t\t\t<div class=\"e-con-inner\">\n\t\t\t\t<div class=\"elementor-element elementor-element-37e379b elementor-widget elementor-widget-image\" data-id=\"37e379b\" data-element_type=\"widget\" data-widget_type=\"image.default\">\n\t\t\t\t<div class=\"elementor-widget-container\">\n\t\t\t\t\t\t\t\t\t\t\t\t\t\t\t<img decoding=\"async\" width=\"800\" height=\"600\" src=\"https:\/\/ihrcg.org\/wp-content\/uploads\/2025\/09\/WhatsApp-Image-2025-09-24-at-19.13.00-1-1024x768.jpeg\" class=\"attachment-large size-large wp-image-1675\" alt=\"\" srcset=\"https:\/\/ihrcg.org\/wp-content\/uploads\/2025\/09\/WhatsApp-Image-2025-09-24-at-19.13.00-1-1024x768.jpeg 1024w, https:\/\/ihrcg.org\/wp-content\/uploads\/2025\/09\/WhatsApp-Image-2025-09-24-at-19.13.00-1-300x225.jpeg 300w, https:\/\/ihrcg.org\/wp-content\/uploads\/2025\/09\/WhatsApp-Image-2025-09-24-at-19.13.00-1-768x576.jpeg 768w, https:\/\/ihrcg.org\/wp-content\/uploads\/2025\/09\/WhatsApp-Image-2025-09-24-at-19.13.00-1-1536x1152.jpeg 1536w, https:\/\/ihrcg.org\/wp-content\/uploads\/2025\/09\/WhatsApp-Image-2025-09-24-at-19.13.00-1-16x12.jpeg 16w, https:\/\/ihrcg.org\/wp-content\/uploads\/2025\/09\/WhatsApp-Image-2025-09-24-at-19.13.00-1.jpeg 1600w\" sizes=\"(max-width: 800px) 100vw, 800px\" \/>\t\t\t\t\t\t\t\t\t\t\t\t\t\t\t<\/div>\n\t\t\t\t<\/div>\n\t\t\t\t<div class=\"elementor-element elementor-element-0320449 elementor-widget elementor-widget-image\" data-id=\"0320449\" data-element_type=\"widget\" data-widget_type=\"image.default\">\n\t\t\t\t<div class=\"elementor-widget-container\">\n\t\t\t\t\t\t\t\t\t\t\t\t\t\t\t<img decoding=\"async\" width=\"800\" height=\"600\" src=\"https:\/\/ihrcg.org\/wp-content\/uploads\/2025\/09\/WhatsApp-Image-2025-09-24-at-19.13.49-1024x768.jpeg\" class=\"attachment-large size-large wp-image-1676\" alt=\"\" srcset=\"https:\/\/ihrcg.org\/wp-content\/uploads\/2025\/09\/WhatsApp-Image-2025-09-24-at-19.13.49-1024x768.jpeg 1024w, https:\/\/ihrcg.org\/wp-content\/uploads\/2025\/09\/WhatsApp-Image-2025-09-24-at-19.13.49-300x225.jpeg 300w, https:\/\/ihrcg.org\/wp-content\/uploads\/2025\/09\/WhatsApp-Image-2025-09-24-at-19.13.49-768x576.jpeg 768w, https:\/\/ihrcg.org\/wp-content\/uploads\/2025\/09\/WhatsApp-Image-2025-09-24-at-19.13.49-1536x1152.jpeg 1536w, https:\/\/ihrcg.org\/wp-content\/uploads\/2025\/09\/WhatsApp-Image-2025-09-24-at-19.13.49-16x12.jpeg 16w, https:\/\/ihrcg.org\/wp-content\/uploads\/2025\/09\/WhatsApp-Image-2025-09-24-at-19.13.49.jpeg 1600w\" sizes=\"(max-width: 800px) 100vw, 800px\" \/>\t\t\t\t\t\t\t\t\t\t\t\t\t\t\t<\/div>\n\t\t\t\t<\/div>\n\t\t\t\t<div class=\"elementor-element elementor-element-9c6db35 elementor-widget elementor-widget-image\" data-id=\"9c6db35\" data-element_type=\"widget\" data-widget_type=\"image.default\">\n\t\t\t\t<div class=\"elementor-widget-container\">\n\t\t\t\t\t\t\t\t\t\t\t\t\t\t\t<img loading=\"lazy\" decoding=\"async\" width=\"800\" height=\"600\" src=\"https:\/\/ihrcg.org\/wp-content\/uploads\/2025\/09\/WhatsApp-Image-2025-09-24-at-19.13.00-1024x768.jpeg\" class=\"attachment-large size-large wp-image-1677\" alt=\"\" srcset=\"https:\/\/ihrcg.org\/wp-content\/uploads\/2025\/09\/WhatsApp-Image-2025-09-24-at-19.13.00-1024x768.jpeg 1024w, https:\/\/ihrcg.org\/wp-content\/uploads\/2025\/09\/WhatsApp-Image-2025-09-24-at-19.13.00-300x225.jpeg 300w, https:\/\/ihrcg.org\/wp-content\/uploads\/2025\/09\/WhatsApp-Image-2025-09-24-at-19.13.00-768x576.jpeg 768w, https:\/\/ihrcg.org\/wp-content\/uploads\/2025\/09\/WhatsApp-Image-2025-09-24-at-19.13.00-1536x1152.jpeg 1536w, https:\/\/ihrcg.org\/wp-content\/uploads\/2025\/09\/WhatsApp-Image-2025-09-24-at-19.13.00-16x12.jpeg 16w, https:\/\/ihrcg.org\/wp-content\/uploads\/2025\/09\/WhatsApp-Image-2025-09-24-at-19.13.00.jpeg 1600w\" sizes=\"(max-width: 800px) 100vw, 800px\" \/>\t\t\t\t\t\t\t\t\t\t\t\t\t\t\t<\/div>\n\t\t\t\t<\/div>\n\t\t\t\t<div class=\"elementor-element elementor-element-d141b29 elementor-widget elementor-widget-image\" data-id=\"d141b29\" data-element_type=\"widget\" data-widget_type=\"image.default\">\n\t\t\t\t<div class=\"elementor-widget-container\">\n\t\t\t\t\t\t\t\t\t\t\t\t\t\t\t<img loading=\"lazy\" decoding=\"async\" width=\"768\" height=\"1024\" src=\"https:\/\/ihrcg.org\/wp-content\/uploads\/2025\/09\/WhatsApp-Image-2025-09-24-at-19.13.00-2-768x1024.jpeg\" class=\"attachment-large size-large wp-image-1678\" alt=\"\" srcset=\"https:\/\/ihrcg.org\/wp-content\/uploads\/2025\/09\/WhatsApp-Image-2025-09-24-at-19.13.00-2-768x1024.jpeg 768w, https:\/\/ihrcg.org\/wp-content\/uploads\/2025\/09\/WhatsApp-Image-2025-09-24-at-19.13.00-2-225x300.jpeg 225w, https:\/\/ihrcg.org\/wp-content\/uploads\/2025\/09\/WhatsApp-Image-2025-09-24-at-19.13.00-2-1152x1536.jpeg 1152w, https:\/\/ihrcg.org\/wp-content\/uploads\/2025\/09\/WhatsApp-Image-2025-09-24-at-19.13.00-2-9x12.jpeg 9w, https:\/\/ihrcg.org\/wp-content\/uploads\/2025\/09\/WhatsApp-Image-2025-09-24-at-19.13.00-2.jpeg 1200w\" sizes=\"(max-width: 768px) 100vw, 768px\" \/>\t\t\t\t\t\t\t\t\t\t\t\t\t\t\t<\/div>\n\t\t\t\t<\/div>\n\t\t\t\t<div class=\"elementor-element elementor-element-503e943 elementor-widget elementor-widget-image\" data-id=\"503e943\" data-element_type=\"widget\" data-widget_type=\"image.default\">\n\t\t\t\t<div class=\"elementor-widget-container\">\n\t\t\t\t\t\t\t\t\t\t\t\t\t\t\t<img loading=\"lazy\" decoding=\"async\" width=\"768\" height=\"1024\" src=\"https:\/\/ihrcg.org\/wp-content\/uploads\/2025\/09\/WhatsApp-Image-2025-09-24-at-19.13.49-1-768x1024.jpeg\" class=\"attachment-large size-large wp-image-1679\" alt=\"\" srcset=\"https:\/\/ihrcg.org\/wp-content\/uploads\/2025\/09\/WhatsApp-Image-2025-09-24-at-19.13.49-1-768x1024.jpeg 768w, https:\/\/ihrcg.org\/wp-content\/uploads\/2025\/09\/WhatsApp-Image-2025-09-24-at-19.13.49-1-225x300.jpeg 225w, https:\/\/ihrcg.org\/wp-content\/uploads\/2025\/09\/WhatsApp-Image-2025-09-24-at-19.13.49-1-1152x1536.jpeg 1152w, https:\/\/ihrcg.org\/wp-content\/uploads\/2025\/09\/WhatsApp-Image-2025-09-24-at-19.13.49-1-9x12.jpeg 9w, https:\/\/ihrcg.org\/wp-content\/uploads\/2025\/09\/WhatsApp-Image-2025-09-24-at-19.13.49-1.jpeg 1200w\" sizes=\"(max-width: 768px) 100vw, 768px\" \/>\t\t\t\t\t\t\t\t\t\t\t\t\t\t\t<\/div>\n\t\t\t\t<\/div>\n\t\t\t\t<div class=\"elementor-element elementor-element-b10e0e6 elementor-widget elementor-widget-image\" data-id=\"b10e0e6\" data-element_type=\"widget\" data-widget_type=\"image.default\">\n\t\t\t\t<div class=\"elementor-widget-container\">\n\t\t\t\t\t\t\t\t\t\t\t\t\t\t\t<img loading=\"lazy\" decoding=\"async\" width=\"484\" height=\"1024\" src=\"https:\/\/ihrcg.org\/wp-content\/uploads\/2025\/09\/WhatsApp-Image-2025-09-24-at-19.14.53-484x1024.jpeg\" class=\"attachment-large size-large wp-image-1680\" alt=\"\" srcset=\"https:\/\/ihrcg.org\/wp-content\/uploads\/2025\/09\/WhatsApp-Image-2025-09-24-at-19.14.53-484x1024.jpeg 484w, https:\/\/ihrcg.org\/wp-content\/uploads\/2025\/09\/WhatsApp-Image-2025-09-24-at-19.14.53-142x300.jpeg 142w, https:\/\/ihrcg.org\/wp-content\/uploads\/2025\/09\/WhatsApp-Image-2025-09-24-at-19.14.53-727x1536.jpeg 727w, https:\/\/ihrcg.org\/wp-content\/uploads\/2025\/09\/WhatsApp-Image-2025-09-24-at-19.14.53-6x12.jpeg 6w, https:\/\/ihrcg.org\/wp-content\/uploads\/2025\/09\/WhatsApp-Image-2025-09-24-at-19.14.53.jpeg 757w\" sizes=\"(max-width: 484px) 100vw, 484px\" \/>\t\t\t\t\t\t\t\t\t\t\t\t\t\t\t<\/div>\n\t\t\t\t<\/div>\n\t\t\t\t<div class=\"elementor-element elementor-element-cf19de9 elementor-widget elementor-widget-image\" data-id=\"cf19de9\" data-element_type=\"widget\" data-widget_type=\"image.default\">\n\t\t\t\t<div class=\"elementor-widget-container\">\n\t\t\t\t\t\t\t\t\t\t\t\t\t\t\t<img loading=\"lazy\" decoding=\"async\" width=\"484\" height=\"1024\" src=\"https:\/\/ihrcg.org\/wp-content\/uploads\/2025\/09\/WhatsApp-Image-2025-09-24-at-19.14.54-484x1024.jpeg\" class=\"attachment-large size-large wp-image-1681\" alt=\"\" srcset=\"https:\/\/ihrcg.org\/wp-content\/uploads\/2025\/09\/WhatsApp-Image-2025-09-24-at-19.14.54-484x1024.jpeg 484w, https:\/\/ihrcg.org\/wp-content\/uploads\/2025\/09\/WhatsApp-Image-2025-09-24-at-19.14.54-142x300.jpeg 142w, https:\/\/ihrcg.org\/wp-content\/uploads\/2025\/09\/WhatsApp-Image-2025-09-24-at-19.14.54-727x1536.jpeg 727w, https:\/\/ihrcg.org\/wp-content\/uploads\/2025\/09\/WhatsApp-Image-2025-09-24-at-19.14.54-6x12.jpeg 6w, https:\/\/ihrcg.org\/wp-content\/uploads\/2025\/09\/WhatsApp-Image-2025-09-24-at-19.14.54.jpeg 757w\" sizes=\"(max-width: 484px) 100vw, 484px\" \/>\t\t\t\t\t\t\t\t\t\t\t\t\t\t\t<\/div>\n\t\t\t\t<\/div>\n\t\t\t\t\t<\/div>\n\t\t\t\t<\/div>\n\t\t\t\t<\/div>","protected":false},"excerpt":{"rendered":"<p>Dr. JOS\u00c9 \u00c1NGEL RAM\u00cdREZ Reuni\u00f3n Cumbre por la no discriminaci\u00f3n de personas con discapacidad bajo el lema &#8220;EL VALOR DE LAS DIFERENCIAS&#8221; Es un acto que se crea para respetar al otro tal cual es y otorgar la igualdad de derecho. En el mismo se demuestran y destacan capacidades mediante el canto, baile y actuaci\u00f3n. [&hellip;]<\/p>","protected":false},"author":1,"featured_media":0,"parent":0,"menu_order":0,"comment_status":"closed","ping_status":"closed","template":"","meta":{"footnotes":""},"class_list":["post-1673","page","type-page","status-publish","hentry"],"yoast_head":"<!-- This site is optimized with the Yoast SEO plugin v24.4 - https:\/\/yoast.com\/wordpress\/plugins\/seo\/ -->\n<title>Reuni\u00f3n Cumbre por la no discriminaci\u00f3n de personas con discapacidad bajo el lema &quot;EL VALOR DE LAS DIFERENCIAS&quot; - IHRCG \u00ae Official Site<\/title>\n<meta name=\"robots\" content=\"index, follow, max-snippet:-1, max-image-preview:large, max-video-preview:-1\" \/>\n<link rel=\"canonical\" href=\"https:\/\/ihrcg.org\/en\/reunion-cumbre-2025\/\" \/>\n<meta property=\"og:locale\" content=\"en_US\" \/>\n<meta property=\"og:type\" content=\"article\" \/>\n<meta property=\"og:title\" content=\"Reuni\u00f3n Cumbre por la no discriminaci\u00f3n de personas con discapacidad bajo el lema &quot;EL VALOR DE LAS DIFERENCIAS&quot; - IHRCG \u00ae Official Site\" \/>\n<meta property=\"og:description\" content=\"Dr. JOS\u00c9 \u00c1NGEL RAM\u00cdREZ Reuni\u00f3n Cumbre por la no discriminaci\u00f3n de personas con discapacidad bajo el lema &#8220;EL VALOR DE LAS DIFERENCIAS&#8221; Es un acto que se crea para respetar al otro tal cual es y otorgar la igualdad de derecho. En el mismo se demuestran y destacan capacidades mediante el canto, baile y actuaci\u00f3n. [&hellip;]\" \/>\n<meta property=\"og:url\" content=\"https:\/\/ihrcg.org\/en\/reunion-cumbre-2025\/\" \/>\n<meta property=\"og:site_name\" content=\"IHRCG \u00ae Official Site\" \/>\n<meta property=\"article:publisher\" content=\"https:\/\/www.facebook.com\/profile.php?id=61561011090702\" \/>\n<meta property=\"article:modified_time\" content=\"2025-09-25T19:08:19+00:00\" \/>\n<meta property=\"og:image\" content=\"https:\/\/ihrcg.org\/wp-content\/uploads\/2025\/09\/WhatsApp-Image-2025-09-24-at-19.13.49-3.jpeg\" \/>\n\t<meta property=\"og:image:width\" content=\"994\" \/>\n\t<meta property=\"og:image:height\" content=\"1280\" \/>\n\t<meta property=\"og:image:type\" content=\"image\/jpeg\" \/>\n<meta name=\"twitter:card\" content=\"summary_large_image\" \/>\n<meta name=\"twitter:label1\" content=\"Est. reading time\" \/>\n\t<meta name=\"twitter:data1\" content=\"3 minutes\" \/>\n<script type=\"application\/ld+json\" class=\"yoast-schema-graph\">{\"@context\":\"https:\/\/schema.org\",\"@graph\":[{\"@type\":\"WebPage\",\"@id\":\"https:\/\/ihrcg.org\/reunion-cumbre-2025\/\",\"url\":\"https:\/\/ihrcg.org\/reunion-cumbre-2025\/\",\"name\":\"Reuni\u00f3n Cumbre por la no discriminaci\u00f3n de personas con discapacidad bajo el lema \\\"EL VALOR DE LAS DIFERENCIAS\\\" - IHRCG \u00ae Official Site\",\"isPartOf\":{\"@id\":\"https:\/\/ihrcg.org\/#website\"},\"primaryImageOfPage\":{\"@id\":\"https:\/\/ihrcg.org\/reunion-cumbre-2025\/#primaryimage\"},\"image\":{\"@id\":\"https:\/\/ihrcg.org\/reunion-cumbre-2025\/#primaryimage\"},\"thumbnailUrl\":\"https:\/\/ihrcg.org\/wp-content\/uploads\/2025\/09\/WhatsApp-Image-2025-09-24-at-19.13.49-3-795x1024.jpeg\",\"datePublished\":\"2025-09-25T19:02:14+00:00\",\"dateModified\":\"2025-09-25T19:08:19+00:00\",\"breadcrumb\":{\"@id\":\"https:\/\/ihrcg.org\/reunion-cumbre-2025\/#breadcrumb\"},\"inLanguage\":\"en-US\",\"potentialAction\":[{\"@type\":\"ReadAction\",\"target\":[\"https:\/\/ihrcg.org\/reunion-cumbre-2025\/\"]}]},{\"@type\":\"ImageObject\",\"inLanguage\":\"en-US\",\"@id\":\"https:\/\/ihrcg.org\/reunion-cumbre-2025\/#primaryimage\",\"url\":\"https:\/\/ihrcg.org\/wp-content\/uploads\/2025\/09\/WhatsApp-Image-2025-09-24-at-19.13.49-3-795x1024.jpeg\",\"contentUrl\":\"https:\/\/ihrcg.org\/wp-content\/uploads\/2025\/09\/WhatsApp-Image-2025-09-24-at-19.13.49-3-795x1024.jpeg\"},{\"@type\":\"BreadcrumbList\",\"@id\":\"https:\/\/ihrcg.org\/reunion-cumbre-2025\/#breadcrumb\",\"itemListElement\":[{\"@type\":\"ListItem\",\"position\":1,\"name\":\"Portada\",\"item\":\"https:\/\/ihrcg.org\/\"},{\"@type\":\"ListItem\",\"position\":2,\"name\":\"Reuni\u00f3n Cumbre por la no discriminaci\u00f3n de personas con discapacidad bajo el lema \u00abEL VALOR DE LAS DIFERENCIAS\u00bb\"}]},{\"@type\":\"WebSite\",\"@id\":\"https:\/\/ihrcg.org\/#website\",\"url\":\"https:\/\/ihrcg.org\/\",\"name\":\"IHRCG Comisi\u00f3n Internacional de los Derechos Humanos Global\",\"description\":\"IHRCG \u00ae Official Site\",\"publisher\":{\"@id\":\"https:\/\/ihrcg.org\/#organization\"},\"potentialAction\":[{\"@type\":\"SearchAction\",\"target\":{\"@type\":\"EntryPoint\",\"urlTemplate\":\"https:\/\/ihrcg.org\/?s={search_term_string}\"},\"query-input\":{\"@type\":\"PropertyValueSpecification\",\"valueRequired\":true,\"valueName\":\"search_term_string\"}}],\"inLanguage\":\"en-US\"},{\"@type\":\"Organization\",\"@id\":\"https:\/\/ihrcg.org\/#organization\",\"name\":\"Comisi\u00f3n Internacional de los Derechos Humanos Global\",\"url\":\"https:\/\/ihrcg.org\/\",\"logo\":{\"@type\":\"ImageObject\",\"inLanguage\":\"en-US\",\"@id\":\"https:\/\/ihrcg.org\/#\/schema\/logo\/image\/\",\"url\":\"https:\/\/ihrcg.org\/wp-content\/uploads\/2024\/07\/ihrcg-dest.jpg\",\"contentUrl\":\"https:\/\/ihrcg.org\/wp-content\/uploads\/2024\/07\/ihrcg-dest.jpg\",\"width\":1000,\"height\":666,\"caption\":\"Comisi\u00f3n Internacional de los Derechos Humanos Global\"},\"image\":{\"@id\":\"https:\/\/ihrcg.org\/#\/schema\/logo\/image\/\"},\"sameAs\":[\"https:\/\/www.facebook.com\/profile.php?id=61561011090702\"]}]}<\/script>\n<!-- \/ Yoast SEO plugin. -->","yoast_head_json":{"title":"Reuni\u00f3n Cumbre por la no discriminaci\u00f3n de personas con discapacidad bajo el lema \"EL VALOR DE LAS DIFERENCIAS\" - IHRCG \u00ae Official Site","robots":{"index":"index","follow":"follow","max-snippet":"max-snippet:-1","max-image-preview":"max-image-preview:large","max-video-preview":"max-video-preview:-1"},"canonical":"https:\/\/ihrcg.org\/en\/reunion-cumbre-2025\/","og_locale":"en_US","og_type":"article","og_title":"Reuni\u00f3n Cumbre por la no discriminaci\u00f3n de personas con discapacidad bajo el lema \"EL VALOR DE LAS DIFERENCIAS\" - IHRCG \u00ae Official Site","og_description":"Dr. JOS\u00c9 \u00c1NGEL RAM\u00cdREZ Reuni\u00f3n Cumbre por la no discriminaci\u00f3n de personas con discapacidad bajo el lema &#8220;EL VALOR DE LAS DIFERENCIAS&#8221; Es un acto que se crea para respetar al otro tal cual es y otorgar la igualdad de derecho. En el mismo se demuestran y destacan capacidades mediante el canto, baile y actuaci\u00f3n. [&hellip;]","og_url":"https:\/\/ihrcg.org\/en\/reunion-cumbre-2025\/","og_site_name":"IHRCG \u00ae Official Site","article_publisher":"https:\/\/www.facebook.com\/profile.php?id=61561011090702","article_modified_time":"2025-09-25T19:08:19+00:00","og_image":[{"width":994,"height":1280,"url":"https:\/\/ihrcg.org\/wp-content\/uploads\/2025\/09\/WhatsApp-Image-2025-09-24-at-19.13.49-3.jpeg","type":"image\/jpeg"}],"twitter_card":"summary_large_image","twitter_misc":{"Est. reading time":"3 minutes"},"schema":{"@context":"https:\/\/schema.org","@graph":[{"@type":"WebPage","@id":"https:\/\/ihrcg.org\/reunion-cumbre-2025\/","url":"https:\/\/ihrcg.org\/reunion-cumbre-2025\/","name":"Reuni\u00f3n Cumbre por la no discriminaci\u00f3n de personas con discapacidad bajo el lema \"EL VALOR DE LAS DIFERENCIAS\" - IHRCG \u00ae Official Site","isPartOf":{"@id":"https:\/\/ihrcg.org\/#website"},"primaryImageOfPage":{"@id":"https:\/\/ihrcg.org\/reunion-cumbre-2025\/#primaryimage"},"image":{"@id":"https:\/\/ihrcg.org\/reunion-cumbre-2025\/#primaryimage"},"thumbnailUrl":"https:\/\/ihrcg.org\/wp-content\/uploads\/2025\/09\/WhatsApp-Image-2025-09-24-at-19.13.49-3-795x1024.jpeg","datePublished":"2025-09-25T19:02:14+00:00","dateModified":"2025-09-25T19:08:19+00:00","breadcrumb":{"@id":"https:\/\/ihrcg.org\/reunion-cumbre-2025\/#breadcrumb"},"inLanguage":"en-US","potentialAction":[{"@type":"ReadAction","target":["https:\/\/ihrcg.org\/reunion-cumbre-2025\/"]}]},{"@type":"ImageObject","inLanguage":"en-US","@id":"https:\/\/ihrcg.org\/reunion-cumbre-2025\/#primaryimage","url":"https:\/\/ihrcg.org\/wp-content\/uploads\/2025\/09\/WhatsApp-Image-2025-09-24-at-19.13.49-3-795x1024.jpeg","contentUrl":"https:\/\/ihrcg.org\/wp-content\/uploads\/2025\/09\/WhatsApp-Image-2025-09-24-at-19.13.49-3-795x1024.jpeg"},{"@type":"BreadcrumbList","@id":"https:\/\/ihrcg.org\/reunion-cumbre-2025\/#breadcrumb","itemListElement":[{"@type":"ListItem","position":1,"name":"Portada","item":"https:\/\/ihrcg.org\/"},{"@type":"ListItem","position":2,"name":"Reuni\u00f3n Cumbre por la no discriminaci\u00f3n de personas con discapacidad bajo el lema \u00abEL VALOR DE LAS DIFERENCIAS\u00bb"}]},{"@type":"WebSite","@id":"https:\/\/ihrcg.org\/#website","url":"https:\/\/ihrcg.org\/","name":"IHRCG Comisi\u00f3n Internacional de los Derechos Humanos Global","description":"IHRCG \u00ae Official Site","publisher":{"@id":"https:\/\/ihrcg.org\/#organization"},"potentialAction":[{"@type":"SearchAction","target":{"@type":"EntryPoint","urlTemplate":"https:\/\/ihrcg.org\/?s={search_term_string}"},"query-input":{"@type":"PropertyValueSpecification","valueRequired":true,"valueName":"search_term_string"}}],"inLanguage":"en-US"},{"@type":"Organization","@id":"https:\/\/ihrcg.org\/#organization","name":"Comisi\u00f3n Internacional de los Derechos Humanos Global","url":"https:\/\/ihrcg.org\/","logo":{"@type":"ImageObject","inLanguage":"en-US","@id":"https:\/\/ihrcg.org\/#\/schema\/logo\/image\/","url":"https:\/\/ihrcg.org\/wp-content\/uploads\/2024\/07\/ihrcg-dest.jpg","contentUrl":"https:\/\/ihrcg.org\/wp-content\/uploads\/2024\/07\/ihrcg-dest.jpg","width":1000,"height":666,"caption":"Comisi\u00f3n Internacional de los Derechos Humanos Global"},"image":{"@id":"https:\/\/ihrcg.org\/#\/schema\/logo\/image\/"},"sameAs":["https:\/\/www.facebook.com\/profile.php?id=61561011090702"]}]}},"_links":{"self":[{"href":"https:\/\/ihrcg.org\/en\/wp-json\/wp\/v2\/pages\/1673","targetHints":{"allow":["GET"]}}],"collection":[{"href":"https:\/\/ihrcg.org\/en\/wp-json\/wp\/v2\/pages"}],"about":[{"href":"https:\/\/ihrcg.org\/en\/wp-json\/wp\/v2\/types\/page"}],"author":[{"embeddable":true,"href":"https:\/\/ihrcg.org\/en\/wp-json\/wp\/v2\/users\/1"}],"replies":[{"embeddable":true,"href":"https:\/\/ihrcg.org\/en\/wp-json\/wp\/v2\/comments?post=1673"}],"version-history":[{"count":4,"href":"https:\/\/ihrcg.org\/en\/wp-json\/wp\/v2\/pages\/1673\/revisions"}],"predecessor-version":[{"id":1685,"href":"https:\/\/ihrcg.org\/en\/wp-json\/wp\/v2\/pages\/1673\/revisions\/1685"}],"wp:attachment":[{"href":"https:\/\/ihrcg.org\/en\/wp-json\/wp\/v2\/media?parent=1673"}],"curies":[{"name":"wp","href":"https:\/\/api.w.org\/{rel}","templated":true}]}}