{"id":1828,"date":"2026-02-26T16:24:11","date_gmt":"2026-02-26T16:24:11","guid":{"rendered":"https:\/\/ihrcg.org\/?page_id=1828"},"modified":"2026-02-26T19:40:28","modified_gmt":"2026-02-26T19:40:28","slug":"mithlesh-kumar-karna","status":"publish","type":"page","link":"https:\/\/ihrcg.org\/en\/mithlesh-kumar-karna\/","title":{"rendered":"IHRCG &#8211; Declaraci\u00f3n Universal de Derechos Humanos (DUDH)"},"content":{"rendered":"<div data-elementor-type=\"wp-page\" data-elementor-id=\"1828\" class=\"elementor elementor-1828\">\n\t\t\t\t<div class=\"elementor-element elementor-element-1a725fc1 e-flex e-con-boxed e-con e-parent\" data-id=\"1a725fc1\" data-element_type=\"container\" data-settings=\"{&quot;background_background&quot;:&quot;classic&quot;}\">\n\t\t\t\t\t<div class=\"e-con-inner\">\n\t\t<div class=\"elementor-element elementor-element-194783f5 e-con-full e-flex e-con e-child\" data-id=\"194783f5\" data-element_type=\"container\">\n\t\t\t\t<div class=\"elementor-element elementor-element-2e60264 elementor-widget__width-initial elementor-widget elementor-widget-heading\" data-id=\"2e60264\" data-element_type=\"widget\" data-widget_type=\"heading.default\">\n\t\t\t\t<div class=\"elementor-widget-container\">\n\t\t\t\t\t<h3 class=\"elementor-heading-title elementor-size-default\">ANUNCIO OFICIAL DE LA IHRCG<\/h3>\t\t\t\t<\/div>\n\t\t\t\t<\/div>\n\t\t\t\t<\/div>\n\t\t\t\t\t<\/div>\n\t\t\t\t<\/div>\n\t\t<div class=\"elementor-element elementor-element-418df22 e-flex e-con-boxed e-con e-parent\" data-id=\"418df22\" data-element_type=\"container\">\n\t\t\t\t\t<div class=\"e-con-inner\">\n\t\t<div class=\"elementor-element elementor-element-5d72308 e-con-full e-flex e-con e-child\" data-id=\"5d72308\" data-element_type=\"container\" data-settings=\"{&quot;background_background&quot;:&quot;classic&quot;}\">\n\t\t\t\t<div class=\"elementor-element elementor-element-ea6063e elementor-widget__width-initial elementor-widget elementor-widget-heading\" data-id=\"ea6063e\" data-element_type=\"widget\" data-widget_type=\"heading.default\">\n\t\t\t\t<div class=\"elementor-widget-container\">\n\t\t\t\t\t<h3 class=\"elementor-heading-title elementor-size-default\">DERECHOS HUMANOS Y COOPERACI\u00d3N COMUNITARIA<\/h3>\t\t\t\t<\/div>\n\t\t\t\t<\/div>\n\t\t\t\t<\/div>\n\t\t\t\t\t<\/div>\n\t\t\t\t<\/div>\n\t\t<div class=\"elementor-element elementor-element-e081644 e-flex e-con-boxed e-con e-parent\" data-id=\"e081644\" data-element_type=\"container\" data-settings=\"{&quot;background_background&quot;:&quot;classic&quot;}\">\n\t\t\t\t\t<div class=\"e-con-inner\">\n\t\t<div class=\"elementor-element elementor-element-6b110ff e-con-full e-flex e-con e-child\" data-id=\"6b110ff\" data-element_type=\"container\">\n\t\t\t\t<div class=\"elementor-element elementor-element-01b84b6 elementor-widget elementor-widget-text-editor\" data-id=\"01b84b6\" data-element_type=\"widget\" data-widget_type=\"text-editor.default\">\n\t\t\t\t<div class=\"elementor-widget-container\">\n\t\t\t\t\t\t\t\t\t<p>\ud83c\udf10 ANUNCIO OFICIAL \/ DERECHOS HUMANOS Y COOPERACI\u00d3N HUMANITARIA \ud83d\udd4a\ufe0f<\/p><p>En consonancia con los principios de la Carta de las Naciones Unidas, la Declaraci\u00f3n Universal de Derechos Humanos (DUDH) y los Objetivos de Desarrollo Sostenible (ODS) de las Naciones Unidas, celebramos el nombramiento formal y la emisi\u00f3n de credenciales oficiales al Sr. Mithlesh Kumar Karna, Fundador y Director General, Movimiento de la Cruz Azul y la Media Luna Azul (Estatus Consultivo Especial ONU-ECOSOC).<\/p><p>Nombramiento como : 8Director Internacional de Derechos Humanos por la Comisi\u00f3n Internacional de Derechos Humanos Global (IHRCG).\ud83c\uddfa\ud83c\uddf3\ud83c\uddfa\ud83c\uddf3\ud83c\uddfa\ud83c\uddf3\ud83c\uddfa\ud83c\uddf3\ud83c\uddfa\ud83c\uddf3\ud83c\uddfa\ud83c\uddf3\ud83c\uddfa\ud83c\uddf3\ud83c\uddfa\ud83c\uddf3\ud83c\uddfa\ud83c\uddf3\ud83c\uddfa\ud83c\uddf3\ud83c\uddfa\ud83c\uddf3\ud83c\uddfa\ud83c\uddf3\ud83c\uddfa\ud83c\uddf3\ud83c\uddfa\ud83c\uddf3\ud83c\uddfa\ud83c\uddf3\ud83c\uddfa\ud83c\uddf3\ud83c\uddfa\ud83c\uddf3\ud83c\uddfa\ud83c\uddf3\ud83c\uddfa\ud83c\uddf3\ud83c\uddfa\ud83c\uddf3\ud83c\uddfa\ud83c\uddf3\ud83c\uddfa\ud83c\uddf3\ud83c\uddfa\ud83c\uddf3\ud83c\uddfa\ud83c\uddf3\ud83c\uddfa\ud83c\uddf3\ud83c\uddfa\ud83c\uddf3\ud83c\uddfa\ud83c\uddf3\ud83c\uddfa\ud83c\uddf3\ud83c\uddfa\ud83c\uddf3\ud83c\uddfa\ud83c\uddf3<\/p><p>Este reconocimiento refleja un compromiso institucional continuo, respeto mutuo y valores humanitarios compartidos destinados a promover la dignidad humana, la paz, la justicia social y el desarrollo sostenible a nivel nacional e internacional, inspirando un futuro m\u00e1s brillante para todos.<\/p><p>Ambas instituciones reafirman su compromiso con la cooperaci\u00f3n de acuerdo con los marcos de ONU-ECOSOC, las normas humanitarias internacionales y los est\u00e1ndares de gobernanza \u00e9tica, manteniendo al mismo tiempo la total independencia organizacional dentro de sus respectivos mandatos legales.<\/p><p>Dr. Jose Angel Ramirez CEO IHRCG International Human Rights Commission Global\u00a0<\/p><p>Eurasia POL IHRCG International Human Rights Commission Global Revista Am\u00e9rica sin fronteras #UNECOSOC #NacionesUnidas #DerechosHumanos #DUDH #ODS2030 #SociedadCivil #DiplomaciaHumanitaria #Cooperaci\u00f3nInstitucional #BlueCrossBlueCrescent #PorTodaLaHumanidad<br \/>Revista Am\u00e9rica sin Fronteras Espa\u00f1a <br \/>Juanita Amador Bravo <br \/>Mauro Cardoso <br \/>IHRCG CANARIAS. Esther Mar\u00eda Hern\u00e1ndez Hern\u00e1ndez<\/p>\t\t\t\t\t\t\t\t<\/div>\n\t\t\t\t<\/div>\n\t\t\t\t<\/div>\n\t\t<div class=\"elementor-element elementor-element-2f7b212 e-con-full e-flex e-con e-child\" data-id=\"2f7b212\" data-element_type=\"container\">\n\t\t\t\t<div class=\"elementor-element elementor-element-17a463d elementor-widget elementor-widget-image\" data-id=\"17a463d\" data-element_type=\"widget\" data-widget_type=\"image.default\">\n\t\t\t\t<div class=\"elementor-widget-container\">\n\t\t\t\t\t\t\t\t\t\t\t\t\t\t\t<img fetchpriority=\"high\" decoding=\"async\" width=\"791\" height=\"1024\" src=\"https:\/\/ihrcg.org\/wp-content\/uploads\/2026\/02\/WhatsApp-Image-2026-02-26-at-09.58.21-791x1024.jpeg\" class=\"attachment-large size-large wp-image-1834\" alt=\"\" srcset=\"https:\/\/ihrcg.org\/wp-content\/uploads\/2026\/02\/WhatsApp-Image-2026-02-26-at-09.58.21-791x1024.jpeg 791w, https:\/\/ihrcg.org\/wp-content\/uploads\/2026\/02\/WhatsApp-Image-2026-02-26-at-09.58.21-232x300.jpeg 232w, https:\/\/ihrcg.org\/wp-content\/uploads\/2026\/02\/WhatsApp-Image-2026-02-26-at-09.58.21-768x994.jpeg 768w, https:\/\/ihrcg.org\/wp-content\/uploads\/2026\/02\/WhatsApp-Image-2026-02-26-at-09.58.21-9x12.jpeg 9w, https:\/\/ihrcg.org\/wp-content\/uploads\/2026\/02\/WhatsApp-Image-2026-02-26-at-09.58.21.jpeg 1080w\" sizes=\"(max-width: 791px) 100vw, 791px\" \/>\t\t\t\t\t\t\t\t\t\t\t\t\t\t\t<\/div>\n\t\t\t\t<\/div>\n\t\t\t\t<\/div>\n\t\t\t\t\t<\/div>\n\t\t\t\t<\/div>\n\t\t<div class=\"elementor-element elementor-element-13e81ca e-grid e-con-boxed e-con e-parent\" data-id=\"13e81ca\" data-element_type=\"container\">\n\t\t\t\t\t<div class=\"e-con-inner\">\n\t\t\t\t<div class=\"elementor-element elementor-element-ceaed3e elementor-widget elementor-widget-image\" data-id=\"ceaed3e\" data-element_type=\"widget\" data-widget_type=\"image.default\">\n\t\t\t\t<div class=\"elementor-widget-container\">\n\t\t\t\t\t\t\t\t\t\t\t\t\t\t\t<img decoding=\"async\" width=\"800\" height=\"534\" src=\"https:\/\/ihrcg.org\/wp-content\/uploads\/2026\/02\/WhatsApp-Image-2026-02-26-at-09.58.18-1024x683.jpeg\" class=\"attachment-large size-large wp-image-1835\" alt=\"\" srcset=\"https:\/\/ihrcg.org\/wp-content\/uploads\/2026\/02\/WhatsApp-Image-2026-02-26-at-09.58.18-1024x683.jpeg 1024w, https:\/\/ihrcg.org\/wp-content\/uploads\/2026\/02\/WhatsApp-Image-2026-02-26-at-09.58.18-300x200.jpeg 300w, https:\/\/ihrcg.org\/wp-content\/uploads\/2026\/02\/WhatsApp-Image-2026-02-26-at-09.58.18-768x512.jpeg 768w, https:\/\/ihrcg.org\/wp-content\/uploads\/2026\/02\/WhatsApp-Image-2026-02-26-at-09.58.18-18x12.jpeg 18w, https:\/\/ihrcg.org\/wp-content\/uploads\/2026\/02\/WhatsApp-Image-2026-02-26-at-09.58.18.jpeg 1080w\" sizes=\"(max-width: 800px) 100vw, 800px\" \/>\t\t\t\t\t\t\t\t\t\t\t\t\t\t\t<\/div>\n\t\t\t\t<\/div>\n\t\t\t\t<div class=\"elementor-element elementor-element-270a751 elementor-widget elementor-widget-image\" data-id=\"270a751\" data-element_type=\"widget\" data-widget_type=\"image.default\">\n\t\t\t\t<div class=\"elementor-widget-container\">\n\t\t\t\t\t\t\t\t\t\t\t\t\t\t\t<img decoding=\"async\" width=\"650\" height=\"1024\" src=\"https:\/\/ihrcg.org\/wp-content\/uploads\/2026\/02\/WhatsApp-Image-2026-02-26-at-09.58.24-650x1024.jpeg\" class=\"attachment-large size-large wp-image-1836\" alt=\"\" srcset=\"https:\/\/ihrcg.org\/wp-content\/uploads\/2026\/02\/WhatsApp-Image-2026-02-26-at-09.58.24-650x1024.jpeg 650w, https:\/\/ihrcg.org\/wp-content\/uploads\/2026\/02\/WhatsApp-Image-2026-02-26-at-09.58.24-190x300.jpeg 190w, https:\/\/ihrcg.org\/wp-content\/uploads\/2026\/02\/WhatsApp-Image-2026-02-26-at-09.58.24-768x1211.jpeg 768w, https:\/\/ihrcg.org\/wp-content\/uploads\/2026\/02\/WhatsApp-Image-2026-02-26-at-09.58.24-974x1536.jpeg 974w, https:\/\/ihrcg.org\/wp-content\/uploads\/2026\/02\/WhatsApp-Image-2026-02-26-at-09.58.24-8x12.jpeg 8w, https:\/\/ihrcg.org\/wp-content\/uploads\/2026\/02\/WhatsApp-Image-2026-02-26-at-09.58.24.jpeg 1015w\" sizes=\"(max-width: 650px) 100vw, 650px\" \/>\t\t\t\t\t\t\t\t\t\t\t\t\t\t\t<\/div>\n\t\t\t\t<\/div>\n\t\t\t\t\t<\/div>\n\t\t\t\t<\/div>\n\t\t\t\t<\/div>","protected":false},"excerpt":{"rendered":"<p>ANUNCIO OFICIAL DE LA IHRCG DERECHOS HUMANOS Y COOPERACI\u00d3N COMUNITARIA \ud83c\udf10 ANUNCIO OFICIAL \/ DERECHOS HUMANOS Y COOPERACI\u00d3N HUMANITARIA \ud83d\udd4a\ufe0f En consonancia con los principios de la Carta de las Naciones Unidas, la Declaraci\u00f3n Universal de Derechos Humanos (DUDH) y los Objetivos de Desarrollo Sostenible (ODS) de las Naciones Unidas, celebramos el nombramiento formal y [&hellip;]<\/p>","protected":false},"author":1,"featured_media":0,"parent":0,"menu_order":0,"comment_status":"closed","ping_status":"closed","template":"","meta":{"footnotes":""},"class_list":["post-1828","page","type-page","status-publish","hentry"],"yoast_head":"<!-- This site is optimized with the Yoast SEO plugin v24.4 - https:\/\/yoast.com\/wordpress\/plugins\/seo\/ -->\n<title>IHRCG - Declaraci\u00f3n Universal de Derechos Humanos (DUDH) - IHRCG \u00ae Official Site<\/title>\n<meta name=\"robots\" content=\"index, follow, max-snippet:-1, max-image-preview:large, max-video-preview:-1\" \/>\n<link rel=\"canonical\" href=\"https:\/\/ihrcg.org\/en\/mithlesh-kumar-karna\/\" \/>\n<meta property=\"og:locale\" content=\"en_US\" \/>\n<meta property=\"og:type\" content=\"article\" \/>\n<meta property=\"og:title\" content=\"IHRCG - Declaraci\u00f3n Universal de Derechos Humanos (DUDH) - IHRCG \u00ae Official Site\" \/>\n<meta property=\"og:description\" content=\"ANUNCIO OFICIAL DE LA IHRCG DERECHOS HUMANOS Y COOPERACI\u00d3N COMUNITARIA \ud83c\udf10 ANUNCIO OFICIAL \/ DERECHOS HUMANOS Y COOPERACI\u00d3N HUMANITARIA \ud83d\udd4a\ufe0f En consonancia con los principios de la Carta de las Naciones Unidas, la Declaraci\u00f3n Universal de Derechos Humanos (DUDH) y los Objetivos de Desarrollo Sostenible (ODS) de las Naciones Unidas, celebramos el nombramiento formal y [&hellip;]\" \/>\n<meta property=\"og:url\" content=\"https:\/\/ihrcg.org\/en\/mithlesh-kumar-karna\/\" \/>\n<meta property=\"og:site_name\" content=\"IHRCG \u00ae Official Site\" \/>\n<meta property=\"article:publisher\" content=\"https:\/\/www.facebook.com\/profile.php?id=61561011090702\" \/>\n<meta property=\"article:modified_time\" content=\"2026-02-26T19:40:28+00:00\" \/>\n<meta property=\"og:image\" content=\"https:\/\/ihrcg.org\/wp-content\/uploads\/2026\/02\/WhatsApp-Image-2026-02-26-at-09.58.21.jpeg\" \/>\n\t<meta property=\"og:image:width\" content=\"1080\" \/>\n\t<meta property=\"og:image:height\" content=\"1398\" \/>\n\t<meta property=\"og:image:type\" content=\"image\/jpeg\" \/>\n<meta name=\"twitter:card\" content=\"summary_large_image\" \/>\n<meta name=\"twitter:label1\" content=\"Est. reading time\" \/>\n\t<meta name=\"twitter:data1\" content=\"9 minutes\" \/>\n<script type=\"application\/ld+json\" class=\"yoast-schema-graph\">{\"@context\":\"https:\/\/schema.org\",\"@graph\":[{\"@type\":\"WebPage\",\"@id\":\"https:\/\/ihrcg.org\/mithlesh-kumar-karna\/\",\"url\":\"https:\/\/ihrcg.org\/mithlesh-kumar-karna\/\",\"name\":\"IHRCG - Declaraci\u00f3n Universal de Derechos Humanos (DUDH) - IHRCG \u00ae Official Site\",\"isPartOf\":{\"@id\":\"https:\/\/ihrcg.org\/#website\"},\"primaryImageOfPage\":{\"@id\":\"https:\/\/ihrcg.org\/mithlesh-kumar-karna\/#primaryimage\"},\"image\":{\"@id\":\"https:\/\/ihrcg.org\/mithlesh-kumar-karna\/#primaryimage\"},\"thumbnailUrl\":\"https:\/\/ihrcg.org\/wp-content\/uploads\/2026\/02\/WhatsApp-Image-2026-02-26-at-09.58.21-791x1024.jpeg\",\"datePublished\":\"2026-02-26T16:24:11+00:00\",\"dateModified\":\"2026-02-26T19:40:28+00:00\",\"breadcrumb\":{\"@id\":\"https:\/\/ihrcg.org\/mithlesh-kumar-karna\/#breadcrumb\"},\"inLanguage\":\"en-US\",\"potentialAction\":[{\"@type\":\"ReadAction\",\"target\":[\"https:\/\/ihrcg.org\/mithlesh-kumar-karna\/\"]}]},{\"@type\":\"ImageObject\",\"inLanguage\":\"en-US\",\"@id\":\"https:\/\/ihrcg.org\/mithlesh-kumar-karna\/#primaryimage\",\"url\":\"https:\/\/ihrcg.org\/wp-content\/uploads\/2026\/02\/WhatsApp-Image-2026-02-26-at-09.58.21-791x1024.jpeg\",\"contentUrl\":\"https:\/\/ihrcg.org\/wp-content\/uploads\/2026\/02\/WhatsApp-Image-2026-02-26-at-09.58.21-791x1024.jpeg\"},{\"@type\":\"BreadcrumbList\",\"@id\":\"https:\/\/ihrcg.org\/mithlesh-kumar-karna\/#breadcrumb\",\"itemListElement\":[{\"@type\":\"ListItem\",\"position\":1,\"name\":\"Portada\",\"item\":\"https:\/\/ihrcg.org\/\"},{\"@type\":\"ListItem\",\"position\":2,\"name\":\"IHRCG &#8211; Declaraci\u00f3n Universal de Derechos Humanos (DUDH)\"}]},{\"@type\":\"WebSite\",\"@id\":\"https:\/\/ihrcg.org\/#website\",\"url\":\"https:\/\/ihrcg.org\/\",\"name\":\"IHRCG Comisi\u00f3n Internacional de los Derechos Humanos Global\",\"description\":\"IHRCG \u00ae Official Site\",\"publisher\":{\"@id\":\"https:\/\/ihrcg.org\/#organization\"},\"potentialAction\":[{\"@type\":\"SearchAction\",\"target\":{\"@type\":\"EntryPoint\",\"urlTemplate\":\"https:\/\/ihrcg.org\/?s={search_term_string}\"},\"query-input\":{\"@type\":\"PropertyValueSpecification\",\"valueRequired\":true,\"valueName\":\"search_term_string\"}}],\"inLanguage\":\"en-US\"},{\"@type\":\"Organization\",\"@id\":\"https:\/\/ihrcg.org\/#organization\",\"name\":\"Comisi\u00f3n Internacional de los Derechos Humanos Global\",\"url\":\"https:\/\/ihrcg.org\/\",\"logo\":{\"@type\":\"ImageObject\",\"inLanguage\":\"en-US\",\"@id\":\"https:\/\/ihrcg.org\/#\/schema\/logo\/image\/\",\"url\":\"https:\/\/ihrcg.org\/wp-content\/uploads\/2024\/07\/ihrcg-dest.jpg\",\"contentUrl\":\"https:\/\/ihrcg.org\/wp-content\/uploads\/2024\/07\/ihrcg-dest.jpg\",\"width\":1000,\"height\":666,\"caption\":\"Comisi\u00f3n Internacional de los Derechos Humanos Global\"},\"image\":{\"@id\":\"https:\/\/ihrcg.org\/#\/schema\/logo\/image\/\"},\"sameAs\":[\"https:\/\/www.facebook.com\/profile.php?id=61561011090702\"]}]}<\/script>\n<!-- \/ Yoast SEO plugin. -->","yoast_head_json":{"title":"IHRCG - Declaraci\u00f3n Universal de Derechos Humanos (DUDH) - IHRCG \u00ae Official Site","robots":{"index":"index","follow":"follow","max-snippet":"max-snippet:-1","max-image-preview":"max-image-preview:large","max-video-preview":"max-video-preview:-1"},"canonical":"https:\/\/ihrcg.org\/en\/mithlesh-kumar-karna\/","og_locale":"en_US","og_type":"article","og_title":"IHRCG - Declaraci\u00f3n Universal de Derechos Humanos (DUDH) - IHRCG \u00ae Official Site","og_description":"ANUNCIO OFICIAL DE LA IHRCG DERECHOS HUMANOS Y COOPERACI\u00d3N COMUNITARIA \ud83c\udf10 ANUNCIO OFICIAL \/ DERECHOS HUMANOS Y COOPERACI\u00d3N HUMANITARIA \ud83d\udd4a\ufe0f En consonancia con los principios de la Carta de las Naciones Unidas, la Declaraci\u00f3n Universal de Derechos Humanos (DUDH) y los Objetivos de Desarrollo Sostenible (ODS) de las Naciones Unidas, celebramos el nombramiento formal y [&hellip;]","og_url":"https:\/\/ihrcg.org\/en\/mithlesh-kumar-karna\/","og_site_name":"IHRCG \u00ae Official Site","article_publisher":"https:\/\/www.facebook.com\/profile.php?id=61561011090702","article_modified_time":"2026-02-26T19:40:28+00:00","og_image":[{"width":1080,"height":1398,"url":"https:\/\/ihrcg.org\/wp-content\/uploads\/2026\/02\/WhatsApp-Image-2026-02-26-at-09.58.21.jpeg","type":"image\/jpeg"}],"twitter_card":"summary_large_image","twitter_misc":{"Est. reading time":"9 minutes"},"schema":{"@context":"https:\/\/schema.org","@graph":[{"@type":"WebPage","@id":"https:\/\/ihrcg.org\/mithlesh-kumar-karna\/","url":"https:\/\/ihrcg.org\/mithlesh-kumar-karna\/","name":"IHRCG - Declaraci\u00f3n Universal de Derechos Humanos (DUDH) - IHRCG \u00ae Official Site","isPartOf":{"@id":"https:\/\/ihrcg.org\/#website"},"primaryImageOfPage":{"@id":"https:\/\/ihrcg.org\/mithlesh-kumar-karna\/#primaryimage"},"image":{"@id":"https:\/\/ihrcg.org\/mithlesh-kumar-karna\/#primaryimage"},"thumbnailUrl":"https:\/\/ihrcg.org\/wp-content\/uploads\/2026\/02\/WhatsApp-Image-2026-02-26-at-09.58.21-791x1024.jpeg","datePublished":"2026-02-26T16:24:11+00:00","dateModified":"2026-02-26T19:40:28+00:00","breadcrumb":{"@id":"https:\/\/ihrcg.org\/mithlesh-kumar-karna\/#breadcrumb"},"inLanguage":"en-US","potentialAction":[{"@type":"ReadAction","target":["https:\/\/ihrcg.org\/mithlesh-kumar-karna\/"]}]},{"@type":"ImageObject","inLanguage":"en-US","@id":"https:\/\/ihrcg.org\/mithlesh-kumar-karna\/#primaryimage","url":"https:\/\/ihrcg.org\/wp-content\/uploads\/2026\/02\/WhatsApp-Image-2026-02-26-at-09.58.21-791x1024.jpeg","contentUrl":"https:\/\/ihrcg.org\/wp-content\/uploads\/2026\/02\/WhatsApp-Image-2026-02-26-at-09.58.21-791x1024.jpeg"},{"@type":"BreadcrumbList","@id":"https:\/\/ihrcg.org\/mithlesh-kumar-karna\/#breadcrumb","itemListElement":[{"@type":"ListItem","position":1,"name":"Portada","item":"https:\/\/ihrcg.org\/"},{"@type":"ListItem","position":2,"name":"IHRCG &#8211; Declaraci\u00f3n Universal de Derechos Humanos (DUDH)"}]},{"@type":"WebSite","@id":"https:\/\/ihrcg.org\/#website","url":"https:\/\/ihrcg.org\/","name":"IHRCG Comisi\u00f3n Internacional de los Derechos Humanos Global","description":"IHRCG \u00ae Official Site","publisher":{"@id":"https:\/\/ihrcg.org\/#organization"},"potentialAction":[{"@type":"SearchAction","target":{"@type":"EntryPoint","urlTemplate":"https:\/\/ihrcg.org\/?s={search_term_string}"},"query-input":{"@type":"PropertyValueSpecification","valueRequired":true,"valueName":"search_term_string"}}],"inLanguage":"en-US"},{"@type":"Organization","@id":"https:\/\/ihrcg.org\/#organization","name":"Comisi\u00f3n Internacional de los Derechos Humanos Global","url":"https:\/\/ihrcg.org\/","logo":{"@type":"ImageObject","inLanguage":"en-US","@id":"https:\/\/ihrcg.org\/#\/schema\/logo\/image\/","url":"https:\/\/ihrcg.org\/wp-content\/uploads\/2024\/07\/ihrcg-dest.jpg","contentUrl":"https:\/\/ihrcg.org\/wp-content\/uploads\/2024\/07\/ihrcg-dest.jpg","width":1000,"height":666,"caption":"Comisi\u00f3n Internacional de los Derechos Humanos Global"},"image":{"@id":"https:\/\/ihrcg.org\/#\/schema\/logo\/image\/"},"sameAs":["https:\/\/www.facebook.com\/profile.php?id=61561011090702"]}]}},"_links":{"self":[{"href":"https:\/\/ihrcg.org\/en\/wp-json\/wp\/v2\/pages\/1828","targetHints":{"allow":["GET"]}}],"collection":[{"href":"https:\/\/ihrcg.org\/en\/wp-json\/wp\/v2\/pages"}],"about":[{"href":"https:\/\/ihrcg.org\/en\/wp-json\/wp\/v2\/types\/page"}],"author":[{"embeddable":true,"href":"https:\/\/ihrcg.org\/en\/wp-json\/wp\/v2\/users\/1"}],"replies":[{"embeddable":true,"href":"https:\/\/ihrcg.org\/en\/wp-json\/wp\/v2\/comments?post=1828"}],"version-history":[{"count":5,"href":"https:\/\/ihrcg.org\/en\/wp-json\/wp\/v2\/pages\/1828\/revisions"}],"predecessor-version":[{"id":1840,"href":"https:\/\/ihrcg.org\/en\/wp-json\/wp\/v2\/pages\/1828\/revisions\/1840"}],"wp:attachment":[{"href":"https:\/\/ihrcg.org\/en\/wp-json\/wp\/v2\/media?parent=1828"}],"curies":[{"name":"wp","href":"https:\/\/api.w.org\/{rel}","templated":true}]}}