{"id":1842,"date":"2026-03-23T18:26:33","date_gmt":"2026-03-23T18:26:33","guid":{"rendered":"https:\/\/ihrcg.org\/?page_id=1842"},"modified":"2026-03-23T18:29:07","modified_gmt":"2026-03-23T18:29:07","slug":"dia-mundial-sindrome-down","status":"publish","type":"page","link":"https:\/\/ihrcg.org\/en\/dia-mundial-sindrome-down\/","title":{"rendered":"21 de Marzo &#8211; Sindrome de Down"},"content":{"rendered":"<div data-elementor-type=\"wp-page\" data-elementor-id=\"1842\" class=\"elementor elementor-1842\">\n\t\t\t\t<div class=\"elementor-element elementor-element-1a725fc1 e-flex e-con-boxed e-con e-parent\" data-id=\"1a725fc1\" data-element_type=\"container\" data-settings=\"{&quot;background_background&quot;:&quot;classic&quot;}\">\n\t\t\t\t\t<div class=\"e-con-inner\">\n\t\t<div class=\"elementor-element elementor-element-194783f5 e-con-full e-flex e-con e-child\" data-id=\"194783f5\" data-element_type=\"container\">\n\t\t\t\t<div class=\"elementor-element elementor-element-2e60264 elementor-widget__width-initial elementor-widget elementor-widget-heading\" data-id=\"2e60264\" data-element_type=\"widget\" data-widget_type=\"heading.default\">\n\t\t\t\t<div class=\"elementor-widget-container\">\n\t\t\t\t\t<h3 class=\"elementor-heading-title elementor-size-default\">21 de marzo - s\u00edndrome de down<\/h3>\t\t\t\t<\/div>\n\t\t\t\t<\/div>\n\t\t\t\t<\/div>\n\t\t\t\t\t<\/div>\n\t\t\t\t<\/div>\n\t\t<div class=\"elementor-element elementor-element-418df22 e-flex e-con-boxed e-con e-parent\" data-id=\"418df22\" data-element_type=\"container\">\n\t\t\t\t\t<div class=\"e-con-inner\">\n\t\t<div class=\"elementor-element elementor-element-5d72308 e-con-full e-flex e-con e-child\" data-id=\"5d72308\" data-element_type=\"container\" data-settings=\"{&quot;background_background&quot;:&quot;classic&quot;}\">\n\t\t\t\t<div class=\"elementor-element elementor-element-ea6063e elementor-widget__width-initial elementor-widget elementor-widget-heading\" data-id=\"ea6063e\" data-element_type=\"widget\" data-widget_type=\"heading.default\">\n\t\t\t\t<div class=\"elementor-widget-container\">\n\t\t\t\t\t<h3 class=\"elementor-heading-title elementor-size-default\"> D\u00cdA MUNDIAL DEL S\u00cdNDROME DE DOWN Y D\u00cdA MUNDIAL DE LA POES\u00cdA:\n\"LA PAZ QUE INCLUYE IDENTIFICA\" .<\/h3>\t\t\t\t<\/div>\n\t\t\t\t<\/div>\n\t\t\t\t<\/div>\n\t\t\t\t\t<\/div>\n\t\t\t\t<\/div>\n\t\t<div class=\"elementor-element elementor-element-e081644 e-flex e-con-boxed e-con e-parent\" data-id=\"e081644\" data-element_type=\"container\" data-settings=\"{&quot;background_background&quot;:&quot;classic&quot;}\">\n\t\t\t\t\t<div class=\"e-con-inner\">\n\t\t<div class=\"elementor-element elementor-element-6b110ff e-con-full e-flex e-con e-child\" data-id=\"6b110ff\" data-element_type=\"container\">\n\t\t\t\t<div class=\"elementor-element elementor-element-01b84b6 elementor-widget elementor-widget-text-editor\" data-id=\"01b84b6\" data-element_type=\"widget\" data-widget_type=\"text-editor.default\">\n\t\t\t\t<div class=\"elementor-widget-container\">\n\t\t\t\t\t\t\t\t\t<p>El 21 de marzo no es una fecha m\u00e1s. Es un d\u00eda en el que el mundo est\u00e1 llamado a mirar con otros ojos, a sentir con mayor profundidad. Por un lado, conmemoramos el D\u00eda Mundial del S\u00edndrome de Down. Por otro, celebramos el D\u00eda Mundial de la Poes\u00eda.<\/p><p>Y quiz\u00e1s no sea casualidad.<\/p><p>Por qu\u00e9 hablar del S\u00edndrome de Down es, en el fondo, hablar de humanidad en su estado m\u00e1s puro. Y hablar de poes\u00eda es intentar nombrar aquello que el alma siente cuando las palabras no alcanzan.<\/p><p>En lema del a\u00f1o 2026 nos invita a construir una sociedad m\u00e1s inclusiva, m\u00e1s justa, m\u00e1s consciente. Pero hoy quiero ir un poco m\u00e1s all\u00e1, QUIERO HABLAR DE PAZ.<\/p><p>La paz que ellos necesitan, que muchas veces les es negada en miradas que excluyen, en silencios que duelen.<\/p><p>Pero tambi\u00e9n la paz que ellos ense\u00f1an, esa paz que abraza, que r\u00ede, que no compite.<\/p><p>Las personas con s\u00edndrome de down son, muchas veces, poes\u00eda viva, poes\u00eda en la forma de amar, poes\u00eda en la autenticidad de sus gestos, poes\u00eda en la verdad de su presencia.<\/p><p>Y entonces entendemos que no puede haber inclusi\u00f3n sin paz, ni puede haber paz sin sensibilidad.<\/p><p>Hoy, el mundo necesita aprender de ellos, necesita volver a lo esencial, necesita escribir con acciones, no solo palabras&#8230;. Es decir una poes\u00eda distinta: una poes\u00eda donde cada persona tenga su lugar, su voz, su dignidad.<\/p><p>Porque si la transformaci\u00f3n tiene como centro el respeto, las oportunidades reales y el amor genuino, entonces la paz deja de ser un ideal lejano y empieza a ser un camino posible.<\/p><p>Un camino donde nadie quede afuera. Un camino donde la diferencia no sea obst\u00e1culo, si no riqueza. Un camino donde, seamos capaces de ser puente, incluso cuando otros eligen levantar muros, ah\u00ed empieza nuestra verdadera humanidad.<\/p><p>\u00a0<\/p><p><strong>Lic. Marisa Plano.<\/strong><\/p><p><strong>Directora de la Revista Am\u00e9rica sin fronteras , en Rosario, Argentina.<\/strong><\/p>\t\t\t\t\t\t\t\t<\/div>\n\t\t\t\t<\/div>\n\t\t\t\t<\/div>\n\t\t<div class=\"elementor-element elementor-element-2f7b212 e-con-full e-flex e-con e-child\" data-id=\"2f7b212\" data-element_type=\"container\">\n\t\t\t\t<div class=\"elementor-element elementor-element-17a463d elementor-widget elementor-widget-image\" data-id=\"17a463d\" data-element_type=\"widget\" data-widget_type=\"image.default\">\n\t\t\t\t<div class=\"elementor-widget-container\">\n\t\t\t\t\t\t\t\t\t\t\t\t\t\t\t<img fetchpriority=\"high\" decoding=\"async\" width=\"800\" height=\"1000\" src=\"https:\/\/ihrcg.org\/wp-content\/uploads\/2026\/03\/sindromededown-819x1024.jpg\" class=\"attachment-large size-large wp-image-1843\" alt=\"\" srcset=\"https:\/\/ihrcg.org\/wp-content\/uploads\/2026\/03\/sindromededown-819x1024.jpg 819w, https:\/\/ihrcg.org\/wp-content\/uploads\/2026\/03\/sindromededown-240x300.jpg 240w, https:\/\/ihrcg.org\/wp-content\/uploads\/2026\/03\/sindromededown-768x960.jpg 768w, https:\/\/ihrcg.org\/wp-content\/uploads\/2026\/03\/sindromededown-10x12.jpg 10w, https:\/\/ihrcg.org\/wp-content\/uploads\/2026\/03\/sindromededown.jpg 1080w\" sizes=\"(max-width: 800px) 100vw, 800px\" \/>\t\t\t\t\t\t\t\t\t\t\t\t\t\t\t<\/div>\n\t\t\t\t<\/div>\n\t\t\t\t<\/div>\n\t\t\t\t\t<\/div>\n\t\t\t\t<\/div>\n\t\t\t\t<\/div>","protected":false},"excerpt":{"rendered":"<p>21 de marzo &#8211; s\u00edndrome de down D\u00cdA MUNDIAL DEL S\u00cdNDROME DE DOWN Y D\u00cdA MUNDIAL DE LA POES\u00cdA: &#8220;LA PAZ QUE INCLUYE IDENTIFICA&#8221; . El 21 de marzo no es una fecha m\u00e1s. Es un d\u00eda en el que el mundo est\u00e1 llamado a mirar con otros ojos, a sentir con mayor profundidad. Por [&hellip;]<\/p>","protected":false},"author":1,"featured_media":0,"parent":0,"menu_order":0,"comment_status":"closed","ping_status":"closed","template":"","meta":{"footnotes":""},"class_list":["post-1842","page","type-page","status-publish","hentry"],"yoast_head":"<!-- This site is optimized with the Yoast SEO plugin v24.4 - https:\/\/yoast.com\/wordpress\/plugins\/seo\/ -->\n<title>21 de Marzo - Sindrome de Down - IHRCG \u00ae Official Site<\/title>\n<meta name=\"robots\" content=\"index, follow, max-snippet:-1, max-image-preview:large, max-video-preview:-1\" \/>\n<link rel=\"canonical\" href=\"https:\/\/ihrcg.org\/en\/dia-mundial-sindrome-down\/\" \/>\n<meta property=\"og:locale\" content=\"en_US\" \/>\n<meta property=\"og:type\" content=\"article\" \/>\n<meta property=\"og:title\" content=\"21 de Marzo - Sindrome de Down - IHRCG \u00ae Official Site\" \/>\n<meta property=\"og:description\" content=\"21 de marzo &#8211; s\u00edndrome de down D\u00cdA MUNDIAL DEL S\u00cdNDROME DE DOWN Y D\u00cdA MUNDIAL DE LA POES\u00cdA: &#8220;LA PAZ QUE INCLUYE IDENTIFICA&#8221; . El 21 de marzo no es una fecha m\u00e1s. Es un d\u00eda en el que el mundo est\u00e1 llamado a mirar con otros ojos, a sentir con mayor profundidad. Por [&hellip;]\" \/>\n<meta property=\"og:url\" content=\"https:\/\/ihrcg.org\/en\/dia-mundial-sindrome-down\/\" \/>\n<meta property=\"og:site_name\" content=\"IHRCG \u00ae Official Site\" \/>\n<meta property=\"article:publisher\" content=\"https:\/\/www.facebook.com\/profile.php?id=61561011090702\" \/>\n<meta property=\"article:modified_time\" content=\"2026-03-23T18:29:07+00:00\" \/>\n<meta property=\"og:image\" content=\"https:\/\/ihrcg.org\/wp-content\/uploads\/2026\/03\/sindromededown.jpg\" \/>\n\t<meta property=\"og:image:width\" content=\"1080\" \/>\n\t<meta property=\"og:image:height\" content=\"1350\" \/>\n\t<meta property=\"og:image:type\" content=\"image\/jpeg\" \/>\n<meta name=\"twitter:card\" content=\"summary_large_image\" \/>\n<meta name=\"twitter:label1\" content=\"Est. reading time\" \/>\n\t<meta name=\"twitter:data1\" content=\"2 minutes\" \/>\n<script type=\"application\/ld+json\" class=\"yoast-schema-graph\">{\"@context\":\"https:\/\/schema.org\",\"@graph\":[{\"@type\":\"WebPage\",\"@id\":\"https:\/\/ihrcg.org\/dia-mundial-sindrome-down\/\",\"url\":\"https:\/\/ihrcg.org\/dia-mundial-sindrome-down\/\",\"name\":\"21 de Marzo - Sindrome de Down - IHRCG \u00ae Official Site\",\"isPartOf\":{\"@id\":\"https:\/\/ihrcg.org\/#website\"},\"primaryImageOfPage\":{\"@id\":\"https:\/\/ihrcg.org\/dia-mundial-sindrome-down\/#primaryimage\"},\"image\":{\"@id\":\"https:\/\/ihrcg.org\/dia-mundial-sindrome-down\/#primaryimage\"},\"thumbnailUrl\":\"https:\/\/ihrcg.org\/wp-content\/uploads\/2026\/03\/sindromededown-819x1024.jpg\",\"datePublished\":\"2026-03-23T18:26:33+00:00\",\"dateModified\":\"2026-03-23T18:29:07+00:00\",\"breadcrumb\":{\"@id\":\"https:\/\/ihrcg.org\/dia-mundial-sindrome-down\/#breadcrumb\"},\"inLanguage\":\"en-US\",\"potentialAction\":[{\"@type\":\"ReadAction\",\"target\":[\"https:\/\/ihrcg.org\/dia-mundial-sindrome-down\/\"]}]},{\"@type\":\"ImageObject\",\"inLanguage\":\"en-US\",\"@id\":\"https:\/\/ihrcg.org\/dia-mundial-sindrome-down\/#primaryimage\",\"url\":\"https:\/\/ihrcg.org\/wp-content\/uploads\/2026\/03\/sindromededown-819x1024.jpg\",\"contentUrl\":\"https:\/\/ihrcg.org\/wp-content\/uploads\/2026\/03\/sindromededown-819x1024.jpg\"},{\"@type\":\"BreadcrumbList\",\"@id\":\"https:\/\/ihrcg.org\/dia-mundial-sindrome-down\/#breadcrumb\",\"itemListElement\":[{\"@type\":\"ListItem\",\"position\":1,\"name\":\"Portada\",\"item\":\"https:\/\/ihrcg.org\/\"},{\"@type\":\"ListItem\",\"position\":2,\"name\":\"21 de Marzo &#8211; Sindrome de Down\"}]},{\"@type\":\"WebSite\",\"@id\":\"https:\/\/ihrcg.org\/#website\",\"url\":\"https:\/\/ihrcg.org\/\",\"name\":\"IHRCG Comisi\u00f3n Internacional de los Derechos Humanos Global\",\"description\":\"IHRCG \u00ae Official Site\",\"publisher\":{\"@id\":\"https:\/\/ihrcg.org\/#organization\"},\"potentialAction\":[{\"@type\":\"SearchAction\",\"target\":{\"@type\":\"EntryPoint\",\"urlTemplate\":\"https:\/\/ihrcg.org\/?s={search_term_string}\"},\"query-input\":{\"@type\":\"PropertyValueSpecification\",\"valueRequired\":true,\"valueName\":\"search_term_string\"}}],\"inLanguage\":\"en-US\"},{\"@type\":\"Organization\",\"@id\":\"https:\/\/ihrcg.org\/#organization\",\"name\":\"Comisi\u00f3n Internacional de los Derechos Humanos Global\",\"url\":\"https:\/\/ihrcg.org\/\",\"logo\":{\"@type\":\"ImageObject\",\"inLanguage\":\"en-US\",\"@id\":\"https:\/\/ihrcg.org\/#\/schema\/logo\/image\/\",\"url\":\"https:\/\/ihrcg.org\/wp-content\/uploads\/2024\/07\/ihrcg-dest.jpg\",\"contentUrl\":\"https:\/\/ihrcg.org\/wp-content\/uploads\/2024\/07\/ihrcg-dest.jpg\",\"width\":1000,\"height\":666,\"caption\":\"Comisi\u00f3n Internacional de los Derechos Humanos Global\"},\"image\":{\"@id\":\"https:\/\/ihrcg.org\/#\/schema\/logo\/image\/\"},\"sameAs\":[\"https:\/\/www.facebook.com\/profile.php?id=61561011090702\"]}]}<\/script>\n<!-- \/ Yoast SEO plugin. -->","yoast_head_json":{"title":"21 de Marzo - Sindrome de Down - IHRCG \u00ae Official Site","robots":{"index":"index","follow":"follow","max-snippet":"max-snippet:-1","max-image-preview":"max-image-preview:large","max-video-preview":"max-video-preview:-1"},"canonical":"https:\/\/ihrcg.org\/en\/dia-mundial-sindrome-down\/","og_locale":"en_US","og_type":"article","og_title":"21 de Marzo - Sindrome de Down - IHRCG \u00ae Official Site","og_description":"21 de marzo &#8211; s\u00edndrome de down D\u00cdA MUNDIAL DEL S\u00cdNDROME DE DOWN Y D\u00cdA MUNDIAL DE LA POES\u00cdA: &#8220;LA PAZ QUE INCLUYE IDENTIFICA&#8221; . El 21 de marzo no es una fecha m\u00e1s. Es un d\u00eda en el que el mundo est\u00e1 llamado a mirar con otros ojos, a sentir con mayor profundidad. Por [&hellip;]","og_url":"https:\/\/ihrcg.org\/en\/dia-mundial-sindrome-down\/","og_site_name":"IHRCG \u00ae Official Site","article_publisher":"https:\/\/www.facebook.com\/profile.php?id=61561011090702","article_modified_time":"2026-03-23T18:29:07+00:00","og_image":[{"width":1080,"height":1350,"url":"https:\/\/ihrcg.org\/wp-content\/uploads\/2026\/03\/sindromededown.jpg","type":"image\/jpeg"}],"twitter_card":"summary_large_image","twitter_misc":{"Est. reading time":"2 minutes"},"schema":{"@context":"https:\/\/schema.org","@graph":[{"@type":"WebPage","@id":"https:\/\/ihrcg.org\/dia-mundial-sindrome-down\/","url":"https:\/\/ihrcg.org\/dia-mundial-sindrome-down\/","name":"21 de Marzo - Sindrome de Down - IHRCG \u00ae Official Site","isPartOf":{"@id":"https:\/\/ihrcg.org\/#website"},"primaryImageOfPage":{"@id":"https:\/\/ihrcg.org\/dia-mundial-sindrome-down\/#primaryimage"},"image":{"@id":"https:\/\/ihrcg.org\/dia-mundial-sindrome-down\/#primaryimage"},"thumbnailUrl":"https:\/\/ihrcg.org\/wp-content\/uploads\/2026\/03\/sindromededown-819x1024.jpg","datePublished":"2026-03-23T18:26:33+00:00","dateModified":"2026-03-23T18:29:07+00:00","breadcrumb":{"@id":"https:\/\/ihrcg.org\/dia-mundial-sindrome-down\/#breadcrumb"},"inLanguage":"en-US","potentialAction":[{"@type":"ReadAction","target":["https:\/\/ihrcg.org\/dia-mundial-sindrome-down\/"]}]},{"@type":"ImageObject","inLanguage":"en-US","@id":"https:\/\/ihrcg.org\/dia-mundial-sindrome-down\/#primaryimage","url":"https:\/\/ihrcg.org\/wp-content\/uploads\/2026\/03\/sindromededown-819x1024.jpg","contentUrl":"https:\/\/ihrcg.org\/wp-content\/uploads\/2026\/03\/sindromededown-819x1024.jpg"},{"@type":"BreadcrumbList","@id":"https:\/\/ihrcg.org\/dia-mundial-sindrome-down\/#breadcrumb","itemListElement":[{"@type":"ListItem","position":1,"name":"Portada","item":"https:\/\/ihrcg.org\/"},{"@type":"ListItem","position":2,"name":"21 de Marzo &#8211; Sindrome de Down"}]},{"@type":"WebSite","@id":"https:\/\/ihrcg.org\/#website","url":"https:\/\/ihrcg.org\/","name":"IHRCG Comisi\u00f3n Internacional de los Derechos Humanos Global","description":"IHRCG \u00ae Official Site","publisher":{"@id":"https:\/\/ihrcg.org\/#organization"},"potentialAction":[{"@type":"SearchAction","target":{"@type":"EntryPoint","urlTemplate":"https:\/\/ihrcg.org\/?s={search_term_string}"},"query-input":{"@type":"PropertyValueSpecification","valueRequired":true,"valueName":"search_term_string"}}],"inLanguage":"en-US"},{"@type":"Organization","@id":"https:\/\/ihrcg.org\/#organization","name":"Comisi\u00f3n Internacional de los Derechos Humanos Global","url":"https:\/\/ihrcg.org\/","logo":{"@type":"ImageObject","inLanguage":"en-US","@id":"https:\/\/ihrcg.org\/#\/schema\/logo\/image\/","url":"https:\/\/ihrcg.org\/wp-content\/uploads\/2024\/07\/ihrcg-dest.jpg","contentUrl":"https:\/\/ihrcg.org\/wp-content\/uploads\/2024\/07\/ihrcg-dest.jpg","width":1000,"height":666,"caption":"Comisi\u00f3n Internacional de los Derechos Humanos Global"},"image":{"@id":"https:\/\/ihrcg.org\/#\/schema\/logo\/image\/"},"sameAs":["https:\/\/www.facebook.com\/profile.php?id=61561011090702"]}]}},"_links":{"self":[{"href":"https:\/\/ihrcg.org\/en\/wp-json\/wp\/v2\/pages\/1842","targetHints":{"allow":["GET"]}}],"collection":[{"href":"https:\/\/ihrcg.org\/en\/wp-json\/wp\/v2\/pages"}],"about":[{"href":"https:\/\/ihrcg.org\/en\/wp-json\/wp\/v2\/types\/page"}],"author":[{"embeddable":true,"href":"https:\/\/ihrcg.org\/en\/wp-json\/wp\/v2\/users\/1"}],"replies":[{"embeddable":true,"href":"https:\/\/ihrcg.org\/en\/wp-json\/wp\/v2\/comments?post=1842"}],"version-history":[{"count":4,"href":"https:\/\/ihrcg.org\/en\/wp-json\/wp\/v2\/pages\/1842\/revisions"}],"predecessor-version":[{"id":1847,"href":"https:\/\/ihrcg.org\/en\/wp-json\/wp\/v2\/pages\/1842\/revisions\/1847"}],"wp:attachment":[{"href":"https:\/\/ihrcg.org\/en\/wp-json\/wp\/v2\/media?parent=1842"}],"curies":[{"name":"wp","href":"https:\/\/api.w.org\/{rel}","templated":true}]}}